{"id":12217,"date":"2025-03-06T13:42:12","date_gmt":"2025-03-06T12:42:12","guid":{"rendered":"https:\/\/dipiusalo.it\/caffe\/"},"modified":"2025-04-09T12:15:52","modified_gmt":"2025-04-09T10:15:52","slug":"caffe","status":"publish","type":"page","link":"https:\/\/dipiusalo.it\/en\/caffe\/","title":{"rendered":"Caff\u00e8"},"content":{"rendered":"\t\t<div data-elementor-type=\"wp-page\" data-elementor-id=\"12217\" class=\"elementor elementor-12217 elementor-12047\" data-elementor-post-type=\"page\">\n\t\t\t\t\t\t<section class=\"elementor-section elementor-top-section elementor-element elementor-element-fffbb81 elementor-section-height-full elementor-section-items-bottom elementor-section-boxed elementor-section-height-default\" data-id=\"fffbb81\" data-element_type=\"section\" data-e-type=\"section\" data-settings=\"{&quot;background_background&quot;:&quot;classic&quot;}\">\r\n\t\t\t\t\t\t\t<div class=\"elementor-background-overlay\"><\/div>\r\n\t\t\t\t\t\t<div class=\"elementor-container elementor-column-gap-default jws_section_\" >\r\n\t\t\t\t<div class=\"elementor-column elementor-col-100 elementor-top-column elementor-element elementor-element-3f61a2a\" data-id=\"3f61a2a\" data-element_type=\"column\" data-e-type=\"column\">\n\t\t\t<div class=\"elementor-widget-wrap elementor-element-populated\">\n\t\t\t\t\t\t<div class=\"elementor-element elementor-element-0778638 elementor-invisible elementor-widget elementor-widget-heading\" data-id=\"0778638\" data-element_type=\"widget\" data-e-type=\"widget\" data-settings=\"{&quot;_animation&quot;:&quot;fadeInUp&quot;,&quot;_animation_delay&quot;:100}\" data-widget_type=\"heading.default\">\n\t\t\t\t<div class=\"elementor-widget-container\">\n\t\t\t\t\t<h2 class=\"elementor-heading-title elementor-size-default\">Caff\u00e8 Di Pi\u00f9<\/h2>\t\t\t\t<\/div>\n\t\t\t\t<\/div>\n\t\t\t\t\t<\/div>\n\t\t<\/div>\n\t\t\t\t      \r\n            \r\n              \r\n            \r\n            \t\r\n\t\t\t<\/div>\r\n\t\t<\/section>\r\n\t\t\t\t<section class=\"elementor-section elementor-top-section elementor-element elementor-element-0b4279d elementor-section-content-middle elementor-section-boxed elementor-section-height-default elementor-section-height-default\" data-id=\"0b4279d\" data-element_type=\"section\" data-e-type=\"section\">\r\n\t\t\t\t\t\t<div class=\"elementor-container elementor-column-gap-default jws_section_\" >\r\n\t\t\t\t<div class=\"elementor-column elementor-col-100 elementor-top-column elementor-element elementor-element-84d3a83\" data-id=\"84d3a83\" data-element_type=\"column\" data-e-type=\"column\">\n\t\t\t<div class=\"elementor-widget-wrap elementor-element-populated\">\n\t\t\t\t\t\t<div class=\"elementor-element elementor-element-8c727c1 elementor-widget__width-inherit elementor-widget elementor-widget-heading\" data-id=\"8c727c1\" data-element_type=\"widget\" data-e-type=\"widget\" data-widget_type=\"heading.default\">\n\t\t\t\t<div class=\"elementor-widget-container\">\n\t\t\t\t\t<h2 class=\"elementor-heading-title elementor-size-default\">Where Inclusivity and Flavor Come Together<\/h2>\t\t\t\t<\/div>\n\t\t\t\t<\/div>\n\t\t\t\t<div class=\"elementor-element elementor-element-9ba4301 elementor-widget__width-inherit elementor-widget elementor-widget-text-editor\" data-id=\"9ba4301\" data-element_type=\"widget\" data-e-type=\"widget\" data-widget_type=\"text-editor.default\">\n\t\t\t\t<div class=\"elementor-widget-container\">\n\t\t\t\t\t\t\t\t\t<p><span style=\"font-weight: 400;\">Caff\u00e8 Di Pi\u00f9, an initiative of the Germano Chincherini Foundation, is a welcoming caf\u00e9 in the heart of Sal\u00f2. Here, individuals with disabilities, supported by dedicated educators, provide friendly service in a warm and inclusive environment where everyone feels at home.<\/span><\/p>\t\t\t\t\t\t\t\t<\/div>\n\t\t\t\t<\/div>\n\t\t\t\t\t<\/div>\n\t\t<\/div>\n\t\t\t\t      \r\n            \r\n              \r\n            \r\n            \t\r\n\t\t\t<\/div>\r\n\t\t<\/section>\r\n\t\t\t\t<section class=\"elementor-section elementor-top-section elementor-element elementor-element-82f91cc elementor-section-content-middle elementor-section-boxed elementor-section-height-default elementor-section-height-default\" data-id=\"82f91cc\" data-element_type=\"section\" data-e-type=\"section\">\r\n\t\t\t\t\t\t<div class=\"elementor-container elementor-column-gap-default jws_section_\" >\r\n\t\t\t\t<div class=\"elementor-column elementor-col-50 elementor-top-column elementor-element elementor-element-84ab5ee\" data-id=\"84ab5ee\" data-element_type=\"column\" data-e-type=\"column\">\n\t\t\t<div class=\"elementor-widget-wrap elementor-element-populated\">\n\t\t\t\t\t\t<div class=\"elementor-element elementor-element-59171df elementor-invisible elementor-widget elementor-widget-image\" data-id=\"59171df\" data-element_type=\"widget\" data-e-type=\"widget\" data-settings=\"{&quot;_animation&quot;:&quot;fadeInLeft&quot;}\" data-widget_type=\"image.default\">\n\t\t\t\t<div class=\"elementor-widget-container\">\n\t\t\t\t\t\t\t\t\t\t\t\t\t\t\t<img decoding=\"async\" src=\"https:\/\/dipiusalo.it\/wp-content\/uploads\/elementor\/thumbs\/105633569_297340385004838_5046720013887978792_n-r2gmuts6qglhtx2x99v84folitxi9tgp1iak6awj90.jpg\" title=\"105633569_297340385004838_5046720013887978792_n\" alt=\"105633569_297340385004838_5046720013887978792_n\" loading=\"lazy\" \/>\t\t\t\t\t\t\t\t\t\t\t\t\t\t\t<\/div>\n\t\t\t\t<\/div>\n\t\t\t\t\t<\/div>\n\t\t<\/div>\n\t\t\t\t<div class=\"elementor-column elementor-col-50 elementor-top-column elementor-element elementor-element-1881270\" data-id=\"1881270\" data-element_type=\"column\" data-e-type=\"column\">\n\t\t\t<div class=\"elementor-widget-wrap elementor-element-populated\">\n\t\t\t\t\t\t<div class=\"elementor-element elementor-element-900823f elementor-widget elementor-widget-heading\" data-id=\"900823f\" data-element_type=\"widget\" data-e-type=\"widget\" data-widget_type=\"heading.default\">\n\t\t\t\t<div class=\"elementor-widget-container\">\n\t\t\t\t\t<h3 class=\"elementor-heading-title elementor-size-default\">Menu<\/h3>\t\t\t\t<\/div>\n\t\t\t\t<\/div>\n\t\t\t\t<div class=\"elementor-element elementor-element-eb64c20 elementor-widget elementor-widget-text-editor\" data-id=\"eb64c20\" data-element_type=\"widget\" data-e-type=\"widget\" data-widget_type=\"text-editor.default\">\n\t\t\t\t<div class=\"elementor-widget-container\">\n\t\t\t\t\t\t\t\t\t<p>Caff\u00e8 Di Pi\u00f9 delights guests with delicious breakfasts, light lunches, and refreshing aperitifs, all prepared with fresh, high-quality ingredients. The inviting atmosphere makes it the perfect spot for any time of the day.<\/p>\t\t\t\t\t\t\t\t<\/div>\n\t\t\t\t<\/div>\n\t\t\t\t\t<\/div>\n\t\t<\/div>\n\t\t\t\t      \r\n            \r\n              \r\n            \r\n            \t\r\n\t\t\t<\/div>\r\n\t\t<\/section>\r\n\t\t\t\t<section class=\"elementor-section elementor-top-section elementor-element elementor-element-68d80e2 elementor-section-content-middle elementor-reverse-mobile elementor-section-boxed elementor-section-height-default elementor-section-height-default\" data-id=\"68d80e2\" data-element_type=\"section\" data-e-type=\"section\" data-settings=\"{&quot;background_background&quot;:&quot;classic&quot;}\">\r\n\t\t\t\t\t\t<div class=\"elementor-container elementor-column-gap-default jws_section_\" >\r\n\t\t\t\t<div class=\"elementor-column elementor-col-50 elementor-top-column elementor-element elementor-element-ef880b4\" data-id=\"ef880b4\" data-element_type=\"column\" data-e-type=\"column\">\n\t\t\t<div class=\"elementor-widget-wrap elementor-element-populated\">\n\t\t\t\t\t\t<div class=\"elementor-element elementor-element-2cbb540 elementor-widget elementor-widget-heading\" data-id=\"2cbb540\" data-element_type=\"widget\" data-e-type=\"widget\" data-widget_type=\"heading.default\">\n\t\t\t\t<div class=\"elementor-widget-container\">\n\t\t\t\t\t<h3 class=\"elementor-heading-title elementor-size-default\">Inclusion<\/h3>\t\t\t\t<\/div>\n\t\t\t\t<\/div>\n\t\t\t\t<div class=\"elementor-element elementor-element-820222d elementor-widget elementor-widget-text-editor\" data-id=\"820222d\" data-element_type=\"widget\" data-e-type=\"widget\" data-widget_type=\"text-editor.default\">\n\t\t\t\t<div class=\"elementor-widget-container\">\n\t\t\t\t\t\t\t\t\t<p>At Caff\u00e8 Di Pi\u00f9, inclusion is at the heart of everything we do. Our team, made up of individuals with disabilities working alongside professional educators, delivers excellent service with passion. This initiative creates job opportunities and fosters meaningful integration within the local community.<\/p>\t\t\t\t\t\t\t\t<\/div>\n\t\t\t\t<\/div>\n\t\t\t\t\t<\/div>\n\t\t<\/div>\n\t\t\t\t<div class=\"elementor-column elementor-col-50 elementor-top-column elementor-element elementor-element-8d1fe23\" data-id=\"8d1fe23\" data-element_type=\"column\" data-e-type=\"column\">\n\t\t\t<div class=\"elementor-widget-wrap elementor-element-populated\">\n\t\t\t\t\t\t<div class=\"elementor-element elementor-element-c258484 elementor-invisible elementor-widget elementor-widget-image\" data-id=\"c258484\" data-element_type=\"widget\" data-e-type=\"widget\" data-settings=\"{&quot;_animation&quot;:&quot;fadeInRight&quot;}\" data-widget_type=\"image.default\">\n\t\t\t\t<div class=\"elementor-widget-container\">\n\t\t\t\t\t\t\t\t\t\t\t\t\t\t\t<img decoding=\"async\" src=\"https:\/\/dipiusalo.it\/wp-content\/uploads\/elementor\/thumbs\/408970026_873762321214555_3817428839213492100_n-r2gmxvray2s1kan6f3ekq5xj0wvgaelagmmdbodh10.jpg\" title=\"408970026_873762321214555_3817428839213492100_n\" alt=\"408970026_873762321214555_3817428839213492100_n\" loading=\"lazy\" \/>\t\t\t\t\t\t\t\t\t\t\t\t\t\t\t<\/div>\n\t\t\t\t<\/div>\n\t\t\t\t\t<\/div>\n\t\t<\/div>\n\t\t\t\t      \r\n            \r\n              \r\n            \r\n            \t\r\n\t\t\t<\/div>\r\n\t\t<\/section>\r\n\t\t\t\t<\/div>\n\t\t","protected":false},"excerpt":{"rendered":"<p>Caff\u00e8 Di Pi\u00f9 Where Inclusivity and Flavor Come Together Caff\u00e8 Di Pi\u00f9, an initiative of the Germano Chincherini Foundation, is a welcoming caf\u00e9 in the heart of Sal\u00f2. Here, individuals with disabilities, supported by dedicated educators, provide friendly service in a warm and inclusive environment where everyone feels at home. Menu Caff\u00e8 Di Pi\u00f9 delights [&hellip;]<\/p>\n","protected":false},"author":4,"featured_media":0,"parent":0,"menu_order":0,"comment_status":"closed","ping_status":"closed","template":"","meta":{"_acf_changed":false,"footnotes":""},"class_list":["post-12217","page","type-page","status-publish","hentry"],"acf":[],"yoast_head":"<!-- This site is optimized with the Yoast SEO plugin v27.5 - https:\/\/yoast.com\/product\/yoast-seo-wordpress\/ -->\n<title>Caff\u00e8 Di Pi\u00f9 \u2013 Inclusive Caf\u00e9 in Sal\u00f2, Lake Garda<\/title>\n<meta name=\"description\" content=\"Caff\u00e8 Di Pi\u00f9 is an inclusive lakeside caf\u00e9 in Sal\u00f2, Lake Garda, where staff with disabilities serve great coffee in a welcoming atmosphere.\" \/>\n<meta name=\"robots\" content=\"index, follow, max-snippet:-1, max-image-preview:large, max-video-preview:-1\" \/>\n<link rel=\"canonical\" href=\"https:\/\/dipiusalo.it\/en\/caffe\/\" \/>\n<meta property=\"og:locale\" content=\"en_US\" \/>\n<meta property=\"og:type\" content=\"article\" \/>\n<meta property=\"og:title\" content=\"Caff\u00e8 Di Pi\u00f9 \u2013 Inclusive Caf\u00e9 in Sal\u00f2, Lake Garda\" \/>\n<meta property=\"og:description\" content=\"Caff\u00e8 Di Pi\u00f9 is an inclusive lakeside caf\u00e9 in Sal\u00f2, Lake Garda, where staff with disabilities serve great coffee in a welcoming atmosphere.\" \/>\n<meta property=\"og:url\" content=\"https:\/\/dipiusalo.it\/en\/caffe\/\" \/>\n<meta property=\"og:site_name\" content=\"Residenza e Caff\u00e8 Di Pi\u00f9 a Sal\u00f2\" \/>\n<meta property=\"article:modified_time\" content=\"2025-04-09T10:15:52+00:00\" \/>\n<meta property=\"og:image\" content=\"https:\/\/dipiusalo.it\/wp-content\/uploads\/elementor\/thumbs\/105633569_297340385004838_5046720013887978792_n-r2gmuts6qglhtx2x99v84folitxi9tgp1iak6awj90.jpg\" \/>\n<meta name=\"twitter:card\" content=\"summary_large_image\" \/>\n<meta name=\"twitter:label1\" content=\"Est. reading time\" \/>\n\t<meta name=\"twitter:data1\" content=\"2 minutes\" \/>\n<script type=\"application\/ld+json\" class=\"yoast-schema-graph\">{\"@context\":\"https:\\\/\\\/schema.org\",\"@graph\":[{\"@type\":\"WebPage\",\"@id\":\"https:\\\/\\\/dipiusalo.it\\\/en\\\/caffe\\\/\",\"url\":\"https:\\\/\\\/dipiusalo.it\\\/en\\\/caffe\\\/\",\"name\":\"Caff\u00e8 Di Pi\u00f9 \u2013 Inclusive Caf\u00e9 in Sal\u00f2, Lake Garda\",\"isPartOf\":{\"@id\":\"https:\\\/\\\/dipiusalo.it\\\/en\\\/#website\"},\"primaryImageOfPage\":{\"@id\":\"https:\\\/\\\/dipiusalo.it\\\/en\\\/caffe\\\/#primaryimage\"},\"image\":{\"@id\":\"https:\\\/\\\/dipiusalo.it\\\/en\\\/caffe\\\/#primaryimage\"},\"thumbnailUrl\":\"https:\\\/\\\/dipiusalo.it\\\/wp-content\\\/uploads\\\/elementor\\\/thumbs\\\/105633569_297340385004838_5046720013887978792_n-r2gmuts6qglhtx2x99v84folitxi9tgp1iak6awj90.jpg\",\"datePublished\":\"2025-03-06T12:42:12+00:00\",\"dateModified\":\"2025-04-09T10:15:52+00:00\",\"description\":\"Caff\u00e8 Di Pi\u00f9 is an inclusive lakeside caf\u00e9 in Sal\u00f2, Lake Garda, where staff with disabilities serve great coffee in a welcoming atmosphere.\",\"breadcrumb\":{\"@id\":\"https:\\\/\\\/dipiusalo.it\\\/en\\\/caffe\\\/#breadcrumb\"},\"inLanguage\":\"en-US\",\"potentialAction\":[{\"@type\":\"ReadAction\",\"target\":[\"https:\\\/\\\/dipiusalo.it\\\/en\\\/caffe\\\/\"]}]},{\"@type\":\"ImageObject\",\"inLanguage\":\"en-US\",\"@id\":\"https:\\\/\\\/dipiusalo.it\\\/en\\\/caffe\\\/#primaryimage\",\"url\":\"https:\\\/\\\/dipiusalo.it\\\/wp-content\\\/uploads\\\/elementor\\\/thumbs\\\/105633569_297340385004838_5046720013887978792_n-r2gmuts6qglhtx2x99v84folitxi9tgp1iak6awj90.jpg\",\"contentUrl\":\"https:\\\/\\\/dipiusalo.it\\\/wp-content\\\/uploads\\\/elementor\\\/thumbs\\\/105633569_297340385004838_5046720013887978792_n-r2gmuts6qglhtx2x99v84folitxi9tgp1iak6awj90.jpg\"},{\"@type\":\"BreadcrumbList\",\"@id\":\"https:\\\/\\\/dipiusalo.it\\\/en\\\/caffe\\\/#breadcrumb\",\"itemListElement\":[{\"@type\":\"ListItem\",\"position\":1,\"name\":\"Home\",\"item\":\"https:\\\/\\\/dipiusalo.it\\\/en\\\/home\\\/\"},{\"@type\":\"ListItem\",\"position\":2,\"name\":\"Caff\u00e8\"}]},{\"@type\":\"WebSite\",\"@id\":\"https:\\\/\\\/dipiusalo.it\\\/en\\\/#website\",\"url\":\"https:\\\/\\\/dipiusalo.it\\\/en\\\/\",\"name\":\"Residenza e Caff\u00e8 Di Pi\u00f9 a Sal\u00f2\",\"description\":\"Residenza Di Pi\u00f9 e Caff\u00e8 Di Pi\u00f9: la prima forma di ospitalit\u00e0 inclusiva del lago di Garda\",\"potentialAction\":[{\"@type\":\"SearchAction\",\"target\":{\"@type\":\"EntryPoint\",\"urlTemplate\":\"https:\\\/\\\/dipiusalo.it\\\/en\\\/?s={search_term_string}\"},\"query-input\":{\"@type\":\"PropertyValueSpecification\",\"valueRequired\":true,\"valueName\":\"search_term_string\"}}],\"inLanguage\":\"en-US\"}]}<\/script>\n<!-- \/ Yoast SEO plugin. -->","yoast_head_json":{"title":"Caff\u00e8 Di Pi\u00f9 \u2013 Inclusive Caf\u00e9 in Sal\u00f2, Lake Garda","description":"Caff\u00e8 Di Pi\u00f9 is an inclusive lakeside caf\u00e9 in Sal\u00f2, Lake Garda, where staff with disabilities serve great coffee in a welcoming atmosphere.","robots":{"index":"index","follow":"follow","max-snippet":"max-snippet:-1","max-image-preview":"max-image-preview:large","max-video-preview":"max-video-preview:-1"},"canonical":"https:\/\/dipiusalo.it\/en\/caffe\/","og_locale":"en_US","og_type":"article","og_title":"Caff\u00e8 Di Pi\u00f9 \u2013 Inclusive Caf\u00e9 in Sal\u00f2, Lake Garda","og_description":"Caff\u00e8 Di Pi\u00f9 is an inclusive lakeside caf\u00e9 in Sal\u00f2, Lake Garda, where staff with disabilities serve great coffee in a welcoming atmosphere.","og_url":"https:\/\/dipiusalo.it\/en\/caffe\/","og_site_name":"Residenza e Caff\u00e8 Di Pi\u00f9 a Sal\u00f2","article_modified_time":"2025-04-09T10:15:52+00:00","og_image":[{"url":"https:\/\/dipiusalo.it\/wp-content\/uploads\/elementor\/thumbs\/105633569_297340385004838_5046720013887978792_n-r2gmuts6qglhtx2x99v84folitxi9tgp1iak6awj90.jpg","type":"","width":"","height":""}],"twitter_card":"summary_large_image","twitter_misc":{"Est. reading time":"2 minutes"},"schema":{"@context":"https:\/\/schema.org","@graph":[{"@type":"WebPage","@id":"https:\/\/dipiusalo.it\/en\/caffe\/","url":"https:\/\/dipiusalo.it\/en\/caffe\/","name":"Caff\u00e8 Di Pi\u00f9 \u2013 Inclusive Caf\u00e9 in Sal\u00f2, Lake Garda","isPartOf":{"@id":"https:\/\/dipiusalo.it\/en\/#website"},"primaryImageOfPage":{"@id":"https:\/\/dipiusalo.it\/en\/caffe\/#primaryimage"},"image":{"@id":"https:\/\/dipiusalo.it\/en\/caffe\/#primaryimage"},"thumbnailUrl":"https:\/\/dipiusalo.it\/wp-content\/uploads\/elementor\/thumbs\/105633569_297340385004838_5046720013887978792_n-r2gmuts6qglhtx2x99v84folitxi9tgp1iak6awj90.jpg","datePublished":"2025-03-06T12:42:12+00:00","dateModified":"2025-04-09T10:15:52+00:00","description":"Caff\u00e8 Di Pi\u00f9 is an inclusive lakeside caf\u00e9 in Sal\u00f2, Lake Garda, where staff with disabilities serve great coffee in a welcoming atmosphere.","breadcrumb":{"@id":"https:\/\/dipiusalo.it\/en\/caffe\/#breadcrumb"},"inLanguage":"en-US","potentialAction":[{"@type":"ReadAction","target":["https:\/\/dipiusalo.it\/en\/caffe\/"]}]},{"@type":"ImageObject","inLanguage":"en-US","@id":"https:\/\/dipiusalo.it\/en\/caffe\/#primaryimage","url":"https:\/\/dipiusalo.it\/wp-content\/uploads\/elementor\/thumbs\/105633569_297340385004838_5046720013887978792_n-r2gmuts6qglhtx2x99v84folitxi9tgp1iak6awj90.jpg","contentUrl":"https:\/\/dipiusalo.it\/wp-content\/uploads\/elementor\/thumbs\/105633569_297340385004838_5046720013887978792_n-r2gmuts6qglhtx2x99v84folitxi9tgp1iak6awj90.jpg"},{"@type":"BreadcrumbList","@id":"https:\/\/dipiusalo.it\/en\/caffe\/#breadcrumb","itemListElement":[{"@type":"ListItem","position":1,"name":"Home","item":"https:\/\/dipiusalo.it\/en\/home\/"},{"@type":"ListItem","position":2,"name":"Caff\u00e8"}]},{"@type":"WebSite","@id":"https:\/\/dipiusalo.it\/en\/#website","url":"https:\/\/dipiusalo.it\/en\/","name":"Residenza e Caff\u00e8 Di Pi\u00f9 a Sal\u00f2","description":"Residenza Di Pi\u00f9 e Caff\u00e8 Di Pi\u00f9: la prima forma di ospitalit\u00e0 inclusiva del lago di Garda","potentialAction":[{"@type":"SearchAction","target":{"@type":"EntryPoint","urlTemplate":"https:\/\/dipiusalo.it\/en\/?s={search_term_string}"},"query-input":{"@type":"PropertyValueSpecification","valueRequired":true,"valueName":"search_term_string"}}],"inLanguage":"en-US"}]}},"_links":{"self":[{"href":"https:\/\/dipiusalo.it\/en\/wp-json\/wp\/v2\/pages\/12217","targetHints":{"allow":["GET"]}}],"collection":[{"href":"https:\/\/dipiusalo.it\/en\/wp-json\/wp\/v2\/pages"}],"about":[{"href":"https:\/\/dipiusalo.it\/en\/wp-json\/wp\/v2\/types\/page"}],"author":[{"embeddable":true,"href":"https:\/\/dipiusalo.it\/en\/wp-json\/wp\/v2\/users\/4"}],"replies":[{"embeddable":true,"href":"https:\/\/dipiusalo.it\/en\/wp-json\/wp\/v2\/comments?post=12217"}],"version-history":[{"count":2,"href":"https:\/\/dipiusalo.it\/en\/wp-json\/wp\/v2\/pages\/12217\/revisions"}],"predecessor-version":[{"id":12305,"href":"https:\/\/dipiusalo.it\/en\/wp-json\/wp\/v2\/pages\/12217\/revisions\/12305"}],"wp:attachment":[{"href":"https:\/\/dipiusalo.it\/en\/wp-json\/wp\/v2\/media?parent=12217"}],"curies":[{"name":"wp","href":"https:\/\/api.w.org\/{rel}","templated":true}]}}