{"id":13447,"date":"2025-11-05T10:00:26","date_gmt":"2025-11-05T09:00:26","guid":{"rendered":"https:\/\/dipiusalo.it\/haeufig-gestellte-fragen-faq\/"},"modified":"2026-02-23T11:52:07","modified_gmt":"2026-02-23T10:52:07","slug":"haeufig-gestellte-fragen-faq","status":"publish","type":"page","link":"https:\/\/dipiusalo.it\/de\/haeufig-gestellte-fragen-faq\/","title":{"rendered":"H\u00e4ufig gestellte Fragen (FAQ)"},"content":{"rendered":"\t\t<div data-elementor-type=\"wp-page\" data-elementor-id=\"13447\" class=\"elementor elementor-13447 elementor-13292\" data-elementor-post-type=\"page\">\n\t\t\t\t\t\t<section class=\"elementor-section elementor-top-section elementor-element elementor-element-36454fa elementor-section-boxed elementor-section-height-default elementor-section-height-default\" data-id=\"36454fa\" data-element_type=\"section\" data-e-type=\"section\">\r\n\t\t\t\t\t\t<div class=\"elementor-container elementor-column-gap-default jws_section_\" >\r\n\t\t\t\t<div class=\"elementor-column elementor-col-100 elementor-top-column elementor-element elementor-element-5e02718\" data-id=\"5e02718\" data-element_type=\"column\" data-e-type=\"column\">\n\t\t\t<div class=\"elementor-widget-wrap elementor-element-populated\">\n\t\t\t\t\t\t<div class=\"elementor-element elementor-element-dec8919 elementor-toc--minimized-on-tablet elementor-widget elementor-widget-table-of-contents\" data-id=\"dec8919\" data-element_type=\"widget\" data-e-type=\"widget\" data-settings=\"{&quot;headings_by_tags&quot;:[&quot;h3&quot;],&quot;exclude_headings_by_selector&quot;:[],&quot;no_headings_message&quot;:&quot;Non sono state trovate intestazioni in questa pagina.&quot;,&quot;marker_view&quot;:&quot;numbers&quot;,&quot;minimize_box&quot;:&quot;yes&quot;,&quot;minimized_on&quot;:&quot;tablet&quot;,&quot;hierarchical_view&quot;:&quot;yes&quot;,&quot;min_height&quot;:{&quot;unit&quot;:&quot;px&quot;,&quot;size&quot;:&quot;&quot;,&quot;sizes&quot;:[]},&quot;min_height_laptop&quot;:{&quot;unit&quot;:&quot;px&quot;,&quot;size&quot;:&quot;&quot;,&quot;sizes&quot;:[]},&quot;min_height_tablet&quot;:{&quot;unit&quot;:&quot;px&quot;,&quot;size&quot;:&quot;&quot;,&quot;sizes&quot;:[]},&quot;min_height_mobile&quot;:{&quot;unit&quot;:&quot;px&quot;,&quot;size&quot;:&quot;&quot;,&quot;sizes&quot;:[]}}\" data-widget_type=\"table-of-contents.default\">\n\t\t\t\t<div class=\"elementor-widget-container\">\n\t\t\t\t\t\t\t\t\t<div class=\"elementor-toc__header\">\n\t\t\t\t\t\t<h4 class=\"elementor-toc__header-title\">\n\t\t\t\tN\u00fctzliche FAQ f\u00fcr Ihren Aufenthalt\t\t\t<\/h4>\n\t\t\t\t\t\t\t\t\t\t<div class=\"elementor-toc__toggle-button elementor-toc__toggle-button--expand\" role=\"button\" tabindex=\"0\" aria-controls=\"elementor-toc__dec8919\" aria-expanded=\"true\" aria-label=\"Inhaltsverzeichnis \u00f6ffnen\"><i aria-hidden=\"true\" class=\"fas fa-chevron-down\"><\/i><\/div>\n\t\t\t\t<div class=\"elementor-toc__toggle-button elementor-toc__toggle-button--collapse\" role=\"button\" tabindex=\"0\" aria-controls=\"elementor-toc__dec8919\" aria-expanded=\"true\" aria-label=\"Inhaltsverzeichnis schlie\u00dfen\"><i aria-hidden=\"true\" class=\"fas fa-chevron-up\"><\/i><\/div>\n\t\t\t\t\t<\/div>\n\t\t\t\t<div id=\"elementor-toc__dec8919\" class=\"elementor-toc__body\">\n\t\t\t<div class=\"elementor-toc__spinner-container\">\n\t\t\t\t<i class=\"elementor-toc__spinner eicon-animation-spin eicon-loading\" aria-hidden=\"true\"><\/i>\t\t\t<\/div>\n\t\t<\/div>\n\t\t\t\t\t\t<\/div>\n\t\t\t\t<\/div>\n\t\t\t\t\t<\/div>\n\t\t<\/div>\n\t\t\t\t      \r\n            \r\n              \r\n            \r\n            \t\r\n\t\t\t<\/div>\r\n\t\t<\/section>\r\n\t\t\t\t<section class=\"elementor-section elementor-top-section elementor-element elementor-element-5bf36ac elementor-section-boxed elementor-section-height-default elementor-section-height-default\" data-id=\"5bf36ac\" data-element_type=\"section\" data-e-type=\"section\">\r\n\t\t\t\t\t\t<div class=\"elementor-container elementor-column-gap-default jws_section_\" >\r\n\t\t\t\t<div class=\"elementor-column elementor-col-100 elementor-top-column elementor-element elementor-element-d86a718\" data-id=\"d86a718\" data-element_type=\"column\" data-e-type=\"column\">\n\t\t\t<div class=\"elementor-widget-wrap elementor-element-populated\">\n\t\t\t\t\t\t<div class=\"elementor-element elementor-element-e06e69b elementor-widget elementor-widget-heading\" data-id=\"e06e69b\" data-element_type=\"widget\" data-e-type=\"widget\" data-widget_type=\"heading.default\">\n\t\t\t\t<div class=\"elementor-widget-container\">\n\t\t\t\t\t<h3 class=\"elementor-heading-title elementor-size-default\">Parken und Transport<\/h3>\t\t\t\t<\/div>\n\t\t\t\t<\/div>\n\t\t\t\t\t<\/div>\n\t\t<\/div>\n\t\t\t\t      \r\n            \r\n              \r\n            \r\n            \t\r\n\t\t\t<\/div>\r\n\t\t<\/section>\r\n\t\t\t\t<section class=\"elementor-section elementor-top-section elementor-element elementor-element-c380c6d elementor-section-boxed elementor-section-height-default elementor-section-height-default\" data-id=\"c380c6d\" data-element_type=\"section\" data-e-type=\"section\">\r\n\t\t\t\t\t\t<div class=\"elementor-container elementor-column-gap-default jws_section_\" >\r\n\t\t\t\t<div class=\"elementor-column elementor-col-100 elementor-top-column elementor-element elementor-element-09c42ad\" data-id=\"09c42ad\" data-element_type=\"column\" data-e-type=\"column\">\n\t\t\t<div class=\"elementor-widget-wrap elementor-element-populated\">\n\t\t\t\t\t\t<div class=\"elementor-element elementor-element-329b02a elementor-widget elementor-widget-toggle\" data-id=\"329b02a\" data-element_type=\"widget\" data-e-type=\"widget\" data-widget_type=\"toggle.default\">\n\t\t\t\t<div class=\"elementor-widget-container\">\n\t\t\t\t\t\t\t<div class=\"elementor-toggle\">\n\t\t\t\t\t\t\t<div class=\"elementor-toggle-item\">\n\t\t\t\t\t<div id=\"elementor-tab-title-5301\" class=\"elementor-tab-title\" data-tab=\"1\" role=\"button\" aria-controls=\"elementor-tab-content-5301\" aria-expanded=\"false\">\n\t\t\t\t\t\t\t\t\t\t\t\t<span class=\"elementor-toggle-icon elementor-toggle-icon-left\" aria-hidden=\"true\">\n\t\t\t\t\t\t\t\t\t\t\t\t\t\t\t<span class=\"elementor-toggle-icon-closed\"><i class=\"fas fa-caret-right\"><\/i><\/span>\n\t\t\t\t\t\t\t\t<span class=\"elementor-toggle-icon-opened\"><i class=\"elementor-toggle-icon-opened fas fa-caret-up\"><\/i><\/span>\n\t\t\t\t\t\t\t\t\t\t\t\t\t<\/span>\n\t\t\t\t\t\t\t\t\t\t\t\t<a class=\"elementor-toggle-title\" tabindex=\"0\">Hat das Caff\u00e8-Residenza DiPi\u00f9 einen Parkplatz?<\/a>\n\t\t\t\t\t<\/div>\n\n\t\t\t\t\t<div id=\"elementor-tab-content-5301\" class=\"elementor-tab-content elementor-clearfix\" data-tab=\"1\" role=\"region\" aria-labelledby=\"elementor-tab-title-5301\"><p class=\"p1\">Nein, das Caff\u00e8-Residenza DiPi\u00f9 verf\u00fcgt \u00fcber keinen Privatparkplatz f\u00fcr G\u00e4ste. In der N\u00e4he gibt es jedoch verschiedene M\u00f6glichkeiten:<\/p>\n<ul class=\"ul1\">\n<li class=\"li1\"><b><\/b><b>Parkhaus Civico al Centro<\/b>: am n\u00e4chsten an unserer Unterkunft gelegen, \u00fcberdacht, video\u00fcberwacht und geb\u00fchrenpflichtig.<\/li>\n<li class=\"li1\"><b><\/b><b>Ex-Enel-Parkplatz<\/b>: etwa 5 Minuten zu Fu\u00df entfernt, kostenlos, im Freien und nicht video\u00fcberwacht.<\/li>\n<li class=\"li1\"><b><\/b><b>Parkplatz Piazza Mercato<\/b>: etwa 10 Minuten zu Fu\u00df entfernt, an Werktagen kostenlos und an Wochenenden sowie Feiertagen geb\u00fchrenpflichtig.<\/li>\n<\/ul>\n<p class=\"p1\">Dar\u00fcber hinaus gibt es in Sal\u00f2 weitere \u00f6ffentliche geb\u00fchrenpflichtige Parkpl\u00e4tze, deren Preise und Verf\u00fcgbarkeit je nach Saison und Uhrzeit variieren k\u00f6nnen.<\/p>\n<\/div>\n\t\t\t\t<\/div>\n\t\t\t\t\t\t\t<div class=\"elementor-toggle-item\">\n\t\t\t\t\t<div id=\"elementor-tab-title-5302\" class=\"elementor-tab-title\" data-tab=\"2\" role=\"button\" aria-controls=\"elementor-tab-content-5302\" aria-expanded=\"false\">\n\t\t\t\t\t\t\t\t\t\t\t\t<span class=\"elementor-toggle-icon elementor-toggle-icon-left\" aria-hidden=\"true\">\n\t\t\t\t\t\t\t\t\t\t\t\t\t\t\t<span class=\"elementor-toggle-icon-closed\"><i class=\"fas fa-caret-right\"><\/i><\/span>\n\t\t\t\t\t\t\t\t<span class=\"elementor-toggle-icon-opened\"><i class=\"elementor-toggle-icon-opened fas fa-caret-up\"><\/i><\/span>\n\t\t\t\t\t\t\t\t\t\t\t\t\t<\/span>\n\t\t\t\t\t\t\t\t\t\t\t\t<a class=\"elementor-toggle-title\" tabindex=\"0\">Gibt es einen Zug nach Sal\u00f2?<\/a>\n\t\t\t\t\t<\/div>\n\n\t\t\t\t\t<div id=\"elementor-tab-content-5302\" class=\"elementor-tab-content elementor-clearfix\" data-tab=\"2\" role=\"region\" aria-labelledby=\"elementor-tab-title-5302\"><p class=\"p1\"><b>Nein<\/b>, Sal\u00f2 verf\u00fcgt \u00fcber keinen Bahnhof. Die n\u00e4chstgelegenen Bahnh\u00f6fe sind Brescia und Desenzano del Garda. Von beiden St\u00e4dten aus ist Sal\u00f2 mit dem Bus, dem Taxi oder dem eigenen Auto erreichbar. <\/p>\n<p class=\"p1\">Wenn Sie den Bus w\u00e4hlen, empfehlen wir Ihnen, an der Haltestelle des Busbahnhofs von Sal\u00f2 auszusteigen: Von dort aus ist das Caff\u00e8-Residenza DiPi\u00f9 nur 1 Minute zu Fu\u00df entfernt.<\/p>\n<\/div>\n\t\t\t\t<\/div>\n\t\t\t\t\t\t\t\t<\/div>\n\t\t\t\t\t\t<\/div>\n\t\t\t\t<\/div>\n\t\t\t\t\t<\/div>\n\t\t<\/div>\n\t\t\t\t      \r\n            \r\n              \r\n            \r\n            \t\r\n\t\t\t<\/div>\r\n\t\t<\/section>\r\n\t\t\t\t<section class=\"elementor-section elementor-top-section elementor-element elementor-element-e935cd8 elementor-section-boxed elementor-section-height-default elementor-section-height-default\" data-id=\"e935cd8\" data-element_type=\"section\" data-e-type=\"section\">\r\n\t\t\t\t\t\t<div class=\"elementor-container elementor-column-gap-default jws_section_\" >\r\n\t\t\t\t<div class=\"elementor-column elementor-col-100 elementor-top-column elementor-element elementor-element-5c79738\" data-id=\"5c79738\" data-element_type=\"column\" data-e-type=\"column\">\n\t\t\t<div class=\"elementor-widget-wrap elementor-element-populated\">\n\t\t\t\t\t\t<div class=\"elementor-element elementor-element-f220b88 elementor-widget elementor-widget-heading\" data-id=\"f220b88\" data-element_type=\"widget\" data-e-type=\"widget\" data-widget_type=\"heading.default\">\n\t\t\t\t<div class=\"elementor-widget-container\">\n\t\t\t\t\t<h3 class=\"elementor-heading-title elementor-size-default\">Leistungen<\/h3>\t\t\t\t<\/div>\n\t\t\t\t<\/div>\n\t\t\t\t\t<\/div>\n\t\t<\/div>\n\t\t\t\t      \r\n            \r\n              \r\n            \r\n            \t\r\n\t\t\t<\/div>\r\n\t\t<\/section>\r\n\t\t\t\t<section class=\"elementor-section elementor-top-section elementor-element elementor-element-b2aa4f8 elementor-section-boxed elementor-section-height-default elementor-section-height-default\" data-id=\"b2aa4f8\" data-element_type=\"section\" data-e-type=\"section\">\r\n\t\t\t\t\t\t<div class=\"elementor-container elementor-column-gap-default jws_section_\" >\r\n\t\t\t\t<div class=\"elementor-column elementor-col-100 elementor-top-column elementor-element elementor-element-4a1426a\" data-id=\"4a1426a\" data-element_type=\"column\" data-e-type=\"column\">\n\t\t\t<div class=\"elementor-widget-wrap elementor-element-populated\">\n\t\t\t\t\t\t<div class=\"elementor-element elementor-element-de94784 elementor-widget elementor-widget-toggle\" data-id=\"de94784\" data-element_type=\"widget\" data-e-type=\"widget\" data-widget_type=\"toggle.default\">\n\t\t\t\t<div class=\"elementor-widget-container\">\n\t\t\t\t\t\t\t<div class=\"elementor-toggle\">\n\t\t\t\t\t\t\t<div class=\"elementor-toggle-item\">\n\t\t\t\t\t<div id=\"elementor-tab-title-2331\" class=\"elementor-tab-title\" data-tab=\"1\" role=\"button\" aria-controls=\"elementor-tab-content-2331\" aria-expanded=\"false\">\n\t\t\t\t\t\t\t\t\t\t\t\t<span class=\"elementor-toggle-icon elementor-toggle-icon-left\" aria-hidden=\"true\">\n\t\t\t\t\t\t\t\t\t\t\t\t\t\t\t<span class=\"elementor-toggle-icon-closed\"><i class=\"fas fa-caret-right\"><\/i><\/span>\n\t\t\t\t\t\t\t\t<span class=\"elementor-toggle-icon-opened\"><i class=\"elementor-toggle-icon-opened fas fa-caret-up\"><\/i><\/span>\n\t\t\t\t\t\t\t\t\t\t\t\t\t<\/span>\n\t\t\t\t\t\t\t\t\t\t\t\t<a class=\"elementor-toggle-title\" tabindex=\"0\">Wie sind die \u00d6ffnungszeiten des Caff\u00e8 DiPi\u00f9?<\/a>\n\t\t\t\t\t<\/div>\n\n\t\t\t\t\t<div id=\"elementor-tab-content-2331\" class=\"elementor-tab-content elementor-clearfix\" data-tab=\"1\" role=\"region\" aria-labelledby=\"elementor-tab-title-2331\"><p class=\"p1\">Das Caff\u00e8 DiPi\u00f9 ist <b>t\u00e4glich von 8:00 bis 19:00 Uhr <\/b>ge\u00f6ffnet.<\/p>\n<\/div>\n\t\t\t\t<\/div>\n\t\t\t\t\t\t\t<div class=\"elementor-toggle-item\">\n\t\t\t\t\t<div id=\"elementor-tab-title-2332\" class=\"elementor-tab-title\" data-tab=\"2\" role=\"button\" aria-controls=\"elementor-tab-content-2332\" aria-expanded=\"false\">\n\t\t\t\t\t\t\t\t\t\t\t\t<span class=\"elementor-toggle-icon elementor-toggle-icon-left\" aria-hidden=\"true\">\n\t\t\t\t\t\t\t\t\t\t\t\t\t\t\t<span class=\"elementor-toggle-icon-closed\"><i class=\"fas fa-caret-right\"><\/i><\/span>\n\t\t\t\t\t\t\t\t<span class=\"elementor-toggle-icon-opened\"><i class=\"elementor-toggle-icon-opened fas fa-caret-up\"><\/i><\/span>\n\t\t\t\t\t\t\t\t\t\t\t\t\t<\/span>\n\t\t\t\t\t\t\t\t\t\t\t\t<a class=\"elementor-toggle-title\" tabindex=\"0\">Gibt es im Caff\u00e8-Residenza DiPi\u00f9 kostenloses WLAN f\u00fcr die G\u00e4ste?<\/a>\n\t\t\t\t\t<\/div>\n\n\t\t\t\t\t<div id=\"elementor-tab-content-2332\" class=\"elementor-tab-content elementor-clearfix\" data-tab=\"2\" role=\"region\" aria-labelledby=\"elementor-tab-title-2332\"><p class=\"p1\"><b>Ja<\/b>, das Caff\u00e8-Residenza DiPi\u00f9 bietet im gesamten Geb\u00e4ude, sowohl in den \u00f6ffentlichen Bereichen als auch in den Zimmern, eine kostenlose WLAN-Verbindung an.<\/p>\n<\/div>\n\t\t\t\t<\/div>\n\t\t\t\t\t\t\t<div class=\"elementor-toggle-item\">\n\t\t\t\t\t<div id=\"elementor-tab-title-2333\" class=\"elementor-tab-title\" data-tab=\"3\" role=\"button\" aria-controls=\"elementor-tab-content-2333\" aria-expanded=\"false\">\n\t\t\t\t\t\t\t\t\t\t\t\t<span class=\"elementor-toggle-icon elementor-toggle-icon-left\" aria-hidden=\"true\">\n\t\t\t\t\t\t\t\t\t\t\t\t\t\t\t<span class=\"elementor-toggle-icon-closed\"><i class=\"fas fa-caret-right\"><\/i><\/span>\n\t\t\t\t\t\t\t\t<span class=\"elementor-toggle-icon-opened\"><i class=\"elementor-toggle-icon-opened fas fa-caret-up\"><\/i><\/span>\n\t\t\t\t\t\t\t\t\t\t\t\t\t<\/span>\n\t\t\t\t\t\t\t\t\t\t\t\t<a class=\"elementor-toggle-title\" tabindex=\"0\">Verf\u00fcgt das Caff\u00e8-Residenza DiPi\u00f9 \u00fcber einen Pool oder einen Spa-Bereich?<\/a>\n\t\t\t\t\t<\/div>\n\n\t\t\t\t\t<div id=\"elementor-tab-content-2333\" class=\"elementor-tab-content elementor-clearfix\" data-tab=\"3\" role=\"region\" aria-labelledby=\"elementor-tab-title-2333\"><p class=\"p1\"><b>Nein, das Caff\u00e8-Residenza DiPi\u00f9 verf\u00fcgt weder \u00fcber einen Pool noch \u00fcber einen Spa-Bereich.<\/b><\/p>\n<p class=\"p2\">Wenn Sie jedoch das Haus verlassen, in Richtung See gehen und rechts abbiegen, erreichen Sie in weniger als 10 Minuten zu Fu\u00df den Strand, wo Sie ein Bad nehmen oder ein wenig Entspannung mit Seeblick genie\u00dfen k\u00f6nnen.<\/p>\n<\/div>\n\t\t\t\t<\/div>\n\t\t\t\t\t\t\t\t<\/div>\n\t\t\t\t\t\t<\/div>\n\t\t\t\t<\/div>\n\t\t\t\t\t<\/div>\n\t\t<\/div>\n\t\t\t\t      \r\n            \r\n              \r\n            \r\n            \t\r\n\t\t\t<\/div>\r\n\t\t<\/section>\r\n\t\t\t\t<section class=\"elementor-section elementor-top-section elementor-element elementor-element-41ad4cb elementor-section-boxed elementor-section-height-default elementor-section-height-default\" data-id=\"41ad4cb\" data-element_type=\"section\" data-e-type=\"section\">\r\n\t\t\t\t\t\t<div class=\"elementor-container elementor-column-gap-default jws_section_\" >\r\n\t\t\t\t<div class=\"elementor-column elementor-col-100 elementor-top-column elementor-element elementor-element-1ffd570\" data-id=\"1ffd570\" data-element_type=\"column\" data-e-type=\"column\">\n\t\t\t<div class=\"elementor-widget-wrap elementor-element-populated\">\n\t\t\t\t\t\t<div class=\"elementor-element elementor-element-f5fff35 elementor-widget elementor-widget-heading\" data-id=\"f5fff35\" data-element_type=\"widget\" data-e-type=\"widget\" data-widget_type=\"heading.default\">\n\t\t\t\t<div class=\"elementor-widget-container\">\n\t\t\t\t\t<h3 class=\"elementor-heading-title elementor-size-default\">Zimmer und Aufenthalt<\/h3>\t\t\t\t<\/div>\n\t\t\t\t<\/div>\n\t\t\t\t\t<\/div>\n\t\t<\/div>\n\t\t\t\t      \r\n            \r\n              \r\n            \r\n            \t\r\n\t\t\t<\/div>\r\n\t\t<\/section>\r\n\t\t\t\t<section class=\"elementor-section elementor-top-section elementor-element elementor-element-37b36a3 elementor-section-boxed elementor-section-height-default elementor-section-height-default\" data-id=\"37b36a3\" data-element_type=\"section\" data-e-type=\"section\">\r\n\t\t\t\t\t\t<div class=\"elementor-container elementor-column-gap-default jws_section_\" >\r\n\t\t\t\t<div class=\"elementor-column elementor-col-100 elementor-top-column elementor-element elementor-element-f02adff\" data-id=\"f02adff\" data-element_type=\"column\" data-e-type=\"column\">\n\t\t\t<div class=\"elementor-widget-wrap elementor-element-populated\">\n\t\t\t\t\t\t<div class=\"elementor-element elementor-element-29a80bd elementor-widget elementor-widget-toggle\" data-id=\"29a80bd\" data-element_type=\"widget\" data-e-type=\"widget\" data-widget_type=\"toggle.default\">\n\t\t\t\t<div class=\"elementor-widget-container\">\n\t\t\t\t\t\t\t<div class=\"elementor-toggle\">\n\t\t\t\t\t\t\t<div class=\"elementor-toggle-item\">\n\t\t\t\t\t<div id=\"elementor-tab-title-4361\" class=\"elementor-tab-title\" data-tab=\"1\" role=\"button\" aria-controls=\"elementor-tab-content-4361\" aria-expanded=\"false\">\n\t\t\t\t\t\t\t\t\t\t\t\t<span class=\"elementor-toggle-icon elementor-toggle-icon-left\" aria-hidden=\"true\">\n\t\t\t\t\t\t\t\t\t\t\t\t\t\t\t<span class=\"elementor-toggle-icon-closed\"><i class=\"fas fa-caret-right\"><\/i><\/span>\n\t\t\t\t\t\t\t\t<span class=\"elementor-toggle-icon-opened\"><i class=\"elementor-toggle-icon-opened fas fa-caret-up\"><\/i><\/span>\n\t\t\t\t\t\t\t\t\t\t\t\t\t<\/span>\n\t\t\t\t\t\t\t\t\t\t\t\t<a class=\"elementor-toggle-title\" tabindex=\"0\">Welche Zimmertypen gibt es in der Residenza DiPi\u00f9 in Sal\u00f2? <br><\/a>\n\t\t\t\t\t<\/div>\n\n\t\t\t\t\t<div id=\"elementor-tab-content-4361\" class=\"elementor-tab-content elementor-clearfix\" data-tab=\"1\" role=\"region\" aria-labelledby=\"elementor-tab-title-4361\"><p class=\"p1\">Die Unterk\u00fcnfte des Caff\u00e8-Residenza DiPi\u00f9 befinden sich in einem charmanten Geb\u00e4ude aus dem 17. Jahrhundert und bieten Platz f\u00fcr 2 bis maximal 5 Personen. Die verf\u00fcgbaren Kategorien sind:<\/p>\n<ul class=\"ul1\">\n<li class=\"li1\"><b><\/b><b>Doppelzimmer<\/b> \u2013 ideal f\u00fcr zwei Personen, perfekt f\u00fcr Paare oder Freunde.<\/li>\n<li class=\"li1\"><b><\/b><b>Vierbettzimmer<\/b> \u2013 ger\u00e4umig und komfortabel, geeignet f\u00fcr Familien oder kleine Gruppen.<\/li>\n<li class=\"li1\"><b><\/b><b>Deluxe Family Zimmer<\/b> \u2013 bietet Platz f\u00fcr bis zu 5 Personen und verbindet Komfort und Platz in einem Ambiente mit historischem Charme.<\/li>\n<\/ul>\n<p><a href=\"https:\/\/dipiusalo.it\/de\/residenza-di-piu\/\">Mehr erfahren<\/a><\/p>\n<\/div>\n\t\t\t\t<\/div>\n\t\t\t\t\t\t\t<div class=\"elementor-toggle-item\">\n\t\t\t\t\t<div id=\"elementor-tab-title-4362\" class=\"elementor-tab-title\" data-tab=\"2\" role=\"button\" aria-controls=\"elementor-tab-content-4362\" aria-expanded=\"false\">\n\t\t\t\t\t\t\t\t\t\t\t\t<span class=\"elementor-toggle-icon elementor-toggle-icon-left\" aria-hidden=\"true\">\n\t\t\t\t\t\t\t\t\t\t\t\t\t\t\t<span class=\"elementor-toggle-icon-closed\"><i class=\"fas fa-caret-right\"><\/i><\/span>\n\t\t\t\t\t\t\t\t<span class=\"elementor-toggle-icon-opened\"><i class=\"elementor-toggle-icon-opened fas fa-caret-up\"><\/i><\/span>\n\t\t\t\t\t\t\t\t\t\t\t\t\t<\/span>\n\t\t\t\t\t\t\t\t\t\t\t\t<a class=\"elementor-toggle-title\" tabindex=\"0\">Verf\u00fcgt die Residenza DiPi\u00f9 in Sal\u00f2 \u00fcber behindertengerechte Zimmer?<\/a>\n\t\t\t\t\t<\/div>\n\n\t\t\t\t\t<div id=\"elementor-tab-content-4362\" class=\"elementor-tab-content elementor-clearfix\" data-tab=\"2\" role=\"region\" aria-labelledby=\"elementor-tab-title-4362\"><p class=\"p1\"><b>Ja<\/b>, im ersten Stock der Residenza steht ein barrierefreies Zimmer f\u00fcr Personen mit Behinderungen zur Verf\u00fcgung, das mit komfortablen R\u00e4umen und einem erleichterten Zugang per Treppenlift ausgestattet ist.<\/p>\n<\/div>\n\t\t\t\t<\/div>\n\t\t\t\t\t\t\t<div class=\"elementor-toggle-item\">\n\t\t\t\t\t<div id=\"elementor-tab-title-4363\" class=\"elementor-tab-title\" data-tab=\"3\" role=\"button\" aria-controls=\"elementor-tab-content-4363\" aria-expanded=\"false\">\n\t\t\t\t\t\t\t\t\t\t\t\t<span class=\"elementor-toggle-icon elementor-toggle-icon-left\" aria-hidden=\"true\">\n\t\t\t\t\t\t\t\t\t\t\t\t\t\t\t<span class=\"elementor-toggle-icon-closed\"><i class=\"fas fa-caret-right\"><\/i><\/span>\n\t\t\t\t\t\t\t\t<span class=\"elementor-toggle-icon-opened\"><i class=\"elementor-toggle-icon-opened fas fa-caret-up\"><\/i><\/span>\n\t\t\t\t\t\t\t\t\t\t\t\t\t<\/span>\n\t\t\t\t\t\t\t\t\t\t\t\t<a class=\"elementor-toggle-title\" tabindex=\"0\">Ist die Rezeption den ganzen Tag ge\u00f6ffnet? <\/a>\n\t\t\t\t\t<\/div>\n\n\t\t\t\t\t<div id=\"elementor-tab-content-4363\" class=\"elementor-tab-content elementor-clearfix\" data-tab=\"3\" role=\"region\" aria-labelledby=\"elementor-tab-title-4363\"><p class=\"p1\">Nein, die Rezeption ist <b>von 8:00 bis 18:00 Uhr<\/b> ge\u00f6ffnet. Au\u00dferhalb dieser Zeiten ist der Zugang zur Unterkunft \u00fcber einen PIN-Code m\u00f6glich, der an der Eingangst\u00fcr eingegeben werden muss. <\/p>\n<\/div>\n\t\t\t\t<\/div>\n\t\t\t\t\t\t\t<div class=\"elementor-toggle-item\">\n\t\t\t\t\t<div id=\"elementor-tab-title-4364\" class=\"elementor-tab-title\" data-tab=\"4\" role=\"button\" aria-controls=\"elementor-tab-content-4364\" aria-expanded=\"false\">\n\t\t\t\t\t\t\t\t\t\t\t\t<span class=\"elementor-toggle-icon elementor-toggle-icon-left\" aria-hidden=\"true\">\n\t\t\t\t\t\t\t\t\t\t\t\t\t\t\t<span class=\"elementor-toggle-icon-closed\"><i class=\"fas fa-caret-right\"><\/i><\/span>\n\t\t\t\t\t\t\t\t<span class=\"elementor-toggle-icon-opened\"><i class=\"elementor-toggle-icon-opened fas fa-caret-up\"><\/i><\/span>\n\t\t\t\t\t\t\t\t\t\t\t\t\t<\/span>\n\t\t\t\t\t\t\t\t\t\t\t\t<a class=\"elementor-toggle-title\" tabindex=\"0\">Um wie viel Uhr sind der Check-in und Check-out in der Residenza DiPi\u00f9 in Sal\u00f2?<\/a>\n\t\t\t\t\t<\/div>\n\n\t\t\t\t\t<div id=\"elementor-tab-content-4364\" class=\"elementor-tab-content elementor-clearfix\" data-tab=\"4\" role=\"region\" aria-labelledby=\"elementor-tab-title-4364\"><p class=\"p1\">Der Check-in in der Residenza DiPi\u00f9 ist <b>von 14:00 bis 18:00 Uhr <\/b>m\u00f6glich, w\u00e4hrend der Check-out <b>bis 10:00 Uhr <\/b>erfolgen muss. Wir bitten Sie h\u00f6flich, uns Ihre Ankunftszeit im Voraus mitzuteilen, damit wir Ihren Empfang bestm\u00f6glich organisieren k\u00f6nnen. <\/p>\n<\/div>\n\t\t\t\t<\/div>\n\t\t\t\t\t\t\t<div class=\"elementor-toggle-item\">\n\t\t\t\t\t<div id=\"elementor-tab-title-4365\" class=\"elementor-tab-title\" data-tab=\"5\" role=\"button\" aria-controls=\"elementor-tab-content-4365\" aria-expanded=\"false\">\n\t\t\t\t\t\t\t\t\t\t\t\t<span class=\"elementor-toggle-icon elementor-toggle-icon-left\" aria-hidden=\"true\">\n\t\t\t\t\t\t\t\t\t\t\t\t\t\t\t<span class=\"elementor-toggle-icon-closed\"><i class=\"fas fa-caret-right\"><\/i><\/span>\n\t\t\t\t\t\t\t\t<span class=\"elementor-toggle-icon-opened\"><i class=\"elementor-toggle-icon-opened fas fa-caret-up\"><\/i><\/span>\n\t\t\t\t\t\t\t\t\t\t\t\t\t<\/span>\n\t\t\t\t\t\t\t\t\t\t\t\t<a class=\"elementor-toggle-title\" tabindex=\"0\">Sind Hunde in der Residenza DiPi\u00f9 in Sal\u00f2 erlaubt?<\/a>\n\t\t\t\t\t<\/div>\n\n\t\t\t\t\t<div id=\"elementor-tab-content-4365\" class=\"elementor-tab-content elementor-clearfix\" data-tab=\"5\" role=\"region\" aria-labelledby=\"elementor-tab-title-4365\"><p class=\"p1\"><b>Ja<\/b>, kleine Hunde sind erlaubt und der Aufenthalt f\u00fcr sie ist kostenlos.<\/p>\n<p class=\"p1\">Wir bitten Sie lediglich, dies bei der Buchung anzugeben, damit wir Sie bestm\u00f6glich willkommen hei\u00dfen k\u00f6nnen.<\/p>\n<\/div>\n\t\t\t\t<\/div>\n\t\t\t\t\t\t\t<div class=\"elementor-toggle-item\">\n\t\t\t\t\t<div id=\"elementor-tab-title-4366\" class=\"elementor-tab-title\" data-tab=\"6\" role=\"button\" aria-controls=\"elementor-tab-content-4366\" aria-expanded=\"false\">\n\t\t\t\t\t\t\t\t\t\t\t\t<span class=\"elementor-toggle-icon elementor-toggle-icon-left\" aria-hidden=\"true\">\n\t\t\t\t\t\t\t\t\t\t\t\t\t\t\t<span class=\"elementor-toggle-icon-closed\"><i class=\"fas fa-caret-right\"><\/i><\/span>\n\t\t\t\t\t\t\t\t<span class=\"elementor-toggle-icon-opened\"><i class=\"elementor-toggle-icon-opened fas fa-caret-up\"><\/i><\/span>\n\t\t\t\t\t\t\t\t\t\t\t\t\t<\/span>\n\t\t\t\t\t\t\t\t\t\t\t\t<a class=\"elementor-toggle-title\" tabindex=\"0\">Kann ich die Reservierung \u00e4ndern oder stornieren? Wie funktioniert das? <\/a>\n\t\t\t\t\t<\/div>\n\n\t\t\t\t\t<div id=\"elementor-tab-content-4366\" class=\"elementor-tab-content elementor-clearfix\" data-tab=\"6\" role=\"region\" aria-labelledby=\"elementor-tab-title-4366\"><p class=\"p1\"><b>Bis zu 2 Tage vor der Ankunft: Sie k\u00f6nnen kostenlos \u00e4ndern oder stornieren.<\/b><\/p>\n<p class=\"p1\">Wenn Sie uns zu sp\u00e4t informieren (weniger als 2 Tage): Wir berechnen 1 Nacht.<\/p>\n<p class=\"p1\">Wenn Sie nicht erscheinen und uns nicht informieren: Wir berechnen den gesamten Aufenthalt.<\/p>\n<p class=\"p1\">Datums\u00e4nderung: Nur m\u00f6glich, wenn an den neuen Terminen Zimmer frei sind; der Preis kann variieren.<\/p>\n<p class=\"p1\">Vorzeitige Abreise: Wenn der geplante Aufenthalt mehr als 3 N\u00e4chte betrug, k\u00f6nnen wir bis zu 3 N\u00e4chte f\u00fcr die nicht genutzten N\u00e4chte berechnen. Wenn der geplante Aufenthalt 3 N\u00e4chte oder weniger betrug, berechnen wir 50 % der nicht genutzten N\u00e4chte (die bereits verbrachten N\u00e4chte bleiben zum vollen Preis). <\/p>\n<\/div>\n\t\t\t\t<\/div>\n\t\t\t\t\t\t\t\t<\/div>\n\t\t\t\t\t\t<\/div>\n\t\t\t\t<\/div>\n\t\t\t\t\t<\/div>\n\t\t<\/div>\n\t\t\t\t      \r\n            \r\n              \r\n            \r\n            \t\r\n\t\t\t<\/div>\r\n\t\t<\/section>\r\n\t\t\t\t<section class=\"elementor-section elementor-top-section elementor-element elementor-element-f524944 elementor-section-boxed elementor-section-height-default elementor-section-height-default\" data-id=\"f524944\" data-element_type=\"section\" data-e-type=\"section\">\r\n\t\t\t\t\t\t<div class=\"elementor-container elementor-column-gap-default jws_section_\" >\r\n\t\t\t\t<div class=\"elementor-column elementor-col-100 elementor-top-column elementor-element elementor-element-d38fee0\" data-id=\"d38fee0\" data-element_type=\"column\" data-e-type=\"column\">\n\t\t\t<div class=\"elementor-widget-wrap elementor-element-populated\">\n\t\t\t\t\t\t<div class=\"elementor-element elementor-element-6348028 elementor-widget elementor-widget-heading\" data-id=\"6348028\" data-element_type=\"widget\" data-e-type=\"widget\" data-widget_type=\"heading.default\">\n\t\t\t\t<div class=\"elementor-widget-container\">\n\t\t\t\t\t<h3 class=\"elementor-heading-title elementor-size-default\">Fr\u00fchst\u00fcck und Gastronomie<\/h3>\t\t\t\t<\/div>\n\t\t\t\t<\/div>\n\t\t\t\t\t<\/div>\n\t\t<\/div>\n\t\t\t\t      \r\n            \r\n              \r\n            \r\n            \t\r\n\t\t\t<\/div>\r\n\t\t<\/section>\r\n\t\t\t\t<section class=\"elementor-section elementor-top-section elementor-element elementor-element-4248f54 elementor-section-boxed elementor-section-height-default elementor-section-height-default\" data-id=\"4248f54\" data-element_type=\"section\" data-e-type=\"section\">\r\n\t\t\t\t\t\t<div class=\"elementor-container elementor-column-gap-default jws_section_\" >\r\n\t\t\t\t<div class=\"elementor-column elementor-col-100 elementor-top-column elementor-element elementor-element-fab3251\" data-id=\"fab3251\" data-element_type=\"column\" data-e-type=\"column\">\n\t\t\t<div class=\"elementor-widget-wrap elementor-element-populated\">\n\t\t\t\t\t\t<div class=\"elementor-element elementor-element-d75c4ad elementor-widget elementor-widget-toggle\" data-id=\"d75c4ad\" data-element_type=\"widget\" data-e-type=\"widget\" data-widget_type=\"toggle.default\">\n\t\t\t\t<div class=\"elementor-widget-container\">\n\t\t\t\t\t\t\t<div class=\"elementor-toggle\">\n\t\t\t\t\t\t\t<div class=\"elementor-toggle-item\">\n\t\t\t\t\t<div id=\"elementor-tab-title-2251\" class=\"elementor-tab-title\" data-tab=\"1\" role=\"button\" aria-controls=\"elementor-tab-content-2251\" aria-expanded=\"false\">\n\t\t\t\t\t\t\t\t\t\t\t\t<span class=\"elementor-toggle-icon elementor-toggle-icon-left\" aria-hidden=\"true\">\n\t\t\t\t\t\t\t\t\t\t\t\t\t\t\t<span class=\"elementor-toggle-icon-closed\"><i class=\"fas fa-caret-right\"><\/i><\/span>\n\t\t\t\t\t\t\t\t<span class=\"elementor-toggle-icon-opened\"><i class=\"elementor-toggle-icon-opened fas fa-caret-up\"><\/i><\/span>\n\t\t\t\t\t\t\t\t\t\t\t\t\t<\/span>\n\t\t\t\t\t\t\t\t\t\t\t\t<a class=\"elementor-toggle-title\" tabindex=\"0\">Ist das Fr\u00fchst\u00fcck im \u00dcbernachtungspreis enthalten?<\/a>\n\t\t\t\t\t<\/div>\n\n\t\t\t\t\t<div id=\"elementor-tab-content-2251\" class=\"elementor-tab-content elementor-clearfix\" data-tab=\"1\" role=\"region\" aria-labelledby=\"elementor-tab-title-2251\"><p class=\"p1\"><b>Ja<\/b>, das Fr\u00fchst\u00fcck ist f\u00fcr alle G\u00e4ste der Residenza DiPi\u00f9 immer im \u00dcbernachtungspreis enthalten.<\/p>\n<\/div>\n\t\t\t\t<\/div>\n\t\t\t\t\t\t\t<div class=\"elementor-toggle-item\">\n\t\t\t\t\t<div id=\"elementor-tab-title-2252\" class=\"elementor-tab-title\" data-tab=\"2\" role=\"button\" aria-controls=\"elementor-tab-content-2252\" aria-expanded=\"false\">\n\t\t\t\t\t\t\t\t\t\t\t\t<span class=\"elementor-toggle-icon elementor-toggle-icon-left\" aria-hidden=\"true\">\n\t\t\t\t\t\t\t\t\t\t\t\t\t\t\t<span class=\"elementor-toggle-icon-closed\"><i class=\"fas fa-caret-right\"><\/i><\/span>\n\t\t\t\t\t\t\t\t<span class=\"elementor-toggle-icon-opened\"><i class=\"elementor-toggle-icon-opened fas fa-caret-up\"><\/i><\/span>\n\t\t\t\t\t\t\t\t\t\t\t\t\t<\/span>\n\t\t\t\t\t\t\t\t\t\t\t\t<a class=\"elementor-toggle-title\" tabindex=\"0\">Um wie viel Uhr gibt es Fr\u00fchst\u00fcck?<\/a>\n\t\t\t\t\t<\/div>\n\n\t\t\t\t\t<div id=\"elementor-tab-content-2252\" class=\"elementor-tab-content elementor-clearfix\" data-tab=\"2\" role=\"region\" aria-labelledby=\"elementor-tab-title-2252\"><p>Das inbegriffene Fr\u00fchst\u00fcck wird t\u00e4glich im Caff\u00e8 DiPi\u00f9 von 8:00 Uhr (\u00d6ffnungszeit der Bar) bis 10:30 Uhr serviert.<\/p>\n<\/div>\n\t\t\t\t<\/div>\n\t\t\t\t\t\t\t<div class=\"elementor-toggle-item\">\n\t\t\t\t\t<div id=\"elementor-tab-title-2253\" class=\"elementor-tab-title\" data-tab=\"3\" role=\"button\" aria-controls=\"elementor-tab-content-2253\" aria-expanded=\"false\">\n\t\t\t\t\t\t\t\t\t\t\t\t<span class=\"elementor-toggle-icon elementor-toggle-icon-left\" aria-hidden=\"true\">\n\t\t\t\t\t\t\t\t\t\t\t\t\t\t\t<span class=\"elementor-toggle-icon-closed\"><i class=\"fas fa-caret-right\"><\/i><\/span>\n\t\t\t\t\t\t\t\t<span class=\"elementor-toggle-icon-opened\"><i class=\"elementor-toggle-icon-opened fas fa-caret-up\"><\/i><\/span>\n\t\t\t\t\t\t\t\t\t\t\t\t\t<\/span>\n\t\t\t\t\t\t\t\t\t\t\t\t<a class=\"elementor-toggle-title\" tabindex=\"0\">Welche Art von Fr\u00fchst\u00fcck bietet das Caff\u00e8-Residenza DiPi\u00f9 an?<\/a>\n\t\t\t\t\t<\/div>\n\n\t\t\t\t\t<div id=\"elementor-tab-content-2253\" class=\"elementor-tab-content elementor-clearfix\" data-tab=\"3\" role=\"region\" aria-labelledby=\"elementor-tab-title-2253\"><p class=\"p1\">Das Caff\u00e8-Residenza DiPi\u00f9 bietet ein <b>italienisches Fr\u00fchst\u00fcck <\/b>an: Brioche, Kekse, Joghurt, Obstsalat, Brot, Butter und Marmelade, Toast, Kaffee, Cappuccino, frisch gepresster Orangensaft, Fruchts\u00e4fte, Centrifughe, Smoothies und hei\u00dfe Tees.<\/p>\n<\/div>\n\t\t\t\t<\/div>\n\t\t\t\t\t\t\t<div class=\"elementor-toggle-item\">\n\t\t\t\t\t<div id=\"elementor-tab-title-2254\" class=\"elementor-tab-title\" data-tab=\"4\" role=\"button\" aria-controls=\"elementor-tab-content-2254\" aria-expanded=\"false\">\n\t\t\t\t\t\t\t\t\t\t\t\t<span class=\"elementor-toggle-icon elementor-toggle-icon-left\" aria-hidden=\"true\">\n\t\t\t\t\t\t\t\t\t\t\t\t\t\t\t<span class=\"elementor-toggle-icon-closed\"><i class=\"fas fa-caret-right\"><\/i><\/span>\n\t\t\t\t\t\t\t\t<span class=\"elementor-toggle-icon-opened\"><i class=\"elementor-toggle-icon-opened fas fa-caret-up\"><\/i><\/span>\n\t\t\t\t\t\t\t\t\t\t\t\t\t<\/span>\n\t\t\t\t\t\t\t\t\t\t\t\t<a class=\"elementor-toggle-title\" tabindex=\"0\">Gibt es im Caff\u00e8-Residenza DiPi\u00f9 ein Restaurant?<\/a>\n\t\t\t\t\t<\/div>\n\n\t\t\t\t\t<div id=\"elementor-tab-content-2254\" class=\"elementor-tab-content elementor-clearfix\" data-tab=\"4\" role=\"region\" aria-labelledby=\"elementor-tab-title-2254\"><p class=\"p1\"><b>Nein<\/b>, das Caff\u00e8-Residenza DiPi\u00f9 verf\u00fcgt \u00fcber kein Restaurant. In unserem Caf\u00e9 servieren wir Fr\u00fchst\u00fcck, Snacks, belegte Br\u00f6tchen und Aperitifs, ideal f\u00fcr eine leichte Pause. F\u00fcr Mittag- oder Abendessen finden Sie nur wenige Schritte von der Unterkunft entfernt zahlreiche Restaurants und Lokale, auch direkt an der Seepromenande (wir empfehlen eine Reservierung).<br \/>Insbesondere empfehlen wir:<\/p>\n<ul class=\"ul1\">\n<li class=\"li1\"><b><\/b><b>Ristorante-Pizzeria Papillon<\/b>: direkt am See gelegen, perfekt f\u00fcr ein Mittag- oder Abendessen mit Aussicht.<\/li>\n<li class=\"li1\"><b><\/b>Ristorante Floriana: etwas weiter im Ortsinneren gelegen, ideal f\u00fcr alle, die eine ruhige Atmosph\u00e4re und eine gepflegte K\u00fcche suchen.<\/li>\n<li class=\"li1\"><b><\/b><b>Felter alle Rose<\/b>: ein im Guide Michelin aufgef\u00fchrtes Restaurant, in dem saisonale italienische K\u00fcche auf die Leidenschaft f\u00fcr Einfachheit trifft. G\u00e4ste k\u00f6nnen zwischen dem Innenraum, der geschlossenen Veranda und einem gem\u00fctlichen Keller w\u00e4hlen, der sich ideal f\u00fcr Verkostungen und Aperitifs eignet. Die kleine Speisekarte bietet Gerichte, die Tradition, Regionalit\u00e4t und Modernit\u00e4t zelebrieren, wobei frische, saisonale Zutaten mit Sorgfalt verarbeitet werden.  <\/li>\n<\/ul>\n<\/div>\n\t\t\t\t<\/div>\n\t\t\t\t\t\t\t\t<\/div>\n\t\t\t\t\t\t<\/div>\n\t\t\t\t<\/div>\n\t\t\t\t\t<\/div>\n\t\t<\/div>\n\t\t\t\t      \r\n            \r\n              \r\n            \r\n            \t\r\n\t\t\t<\/div>\r\n\t\t<\/section>\r\n\t\t\t\t<section class=\"elementor-section elementor-top-section elementor-element elementor-element-c5e3b53 elementor-section-boxed elementor-section-height-default elementor-section-height-default\" data-id=\"c5e3b53\" data-element_type=\"section\" data-e-type=\"section\">\r\n\t\t\t\t\t\t<div class=\"elementor-container elementor-column-gap-default jws_section_\" >\r\n\t\t\t\t<div class=\"elementor-column elementor-col-100 elementor-top-column elementor-element elementor-element-5796795\" data-id=\"5796795\" data-element_type=\"column\" data-e-type=\"column\">\n\t\t\t<div class=\"elementor-widget-wrap elementor-element-populated\">\n\t\t\t\t\t\t<div class=\"elementor-element elementor-element-28bfb37 elementor-widget elementor-widget-heading\" data-id=\"28bfb37\" data-element_type=\"widget\" data-e-type=\"widget\" data-widget_type=\"heading.default\">\n\t\t\t\t<div class=\"elementor-widget-container\">\n\t\t\t\t\t<h3 class=\"elementor-heading-title elementor-size-default\">Lage und Umgebung<\/h3>\t\t\t\t<\/div>\n\t\t\t\t<\/div>\n\t\t\t\t\t<\/div>\n\t\t<\/div>\n\t\t\t\t      \r\n            \r\n              \r\n            \r\n            \t\r\n\t\t\t<\/div>\r\n\t\t<\/section>\r\n\t\t\t\t<section class=\"elementor-section elementor-top-section elementor-element elementor-element-e8a6c37 elementor-section-boxed elementor-section-height-default elementor-section-height-default\" data-id=\"e8a6c37\" data-element_type=\"section\" data-e-type=\"section\">\r\n\t\t\t\t\t\t<div class=\"elementor-container elementor-column-gap-default jws_section_\" >\r\n\t\t\t\t<div class=\"elementor-column elementor-col-100 elementor-top-column elementor-element elementor-element-55687da\" data-id=\"55687da\" data-element_type=\"column\" data-e-type=\"column\">\n\t\t\t<div class=\"elementor-widget-wrap elementor-element-populated\">\n\t\t\t\t\t\t<div class=\"elementor-element elementor-element-0755937 elementor-widget elementor-widget-toggle\" data-id=\"0755937\" data-element_type=\"widget\" data-e-type=\"widget\" data-widget_type=\"toggle.default\">\n\t\t\t\t<div class=\"elementor-widget-container\">\n\t\t\t\t\t\t\t<div class=\"elementor-toggle\">\n\t\t\t\t\t\t\t<div class=\"elementor-toggle-item\">\n\t\t\t\t\t<div id=\"elementor-tab-title-7691\" class=\"elementor-tab-title\" data-tab=\"1\" role=\"button\" aria-controls=\"elementor-tab-content-7691\" aria-expanded=\"false\">\n\t\t\t\t\t\t\t\t\t\t\t\t<span class=\"elementor-toggle-icon elementor-toggle-icon-left\" aria-hidden=\"true\">\n\t\t\t\t\t\t\t\t\t\t\t\t\t\t\t<span class=\"elementor-toggle-icon-closed\"><i class=\"fas fa-caret-right\"><\/i><\/span>\n\t\t\t\t\t\t\t\t<span class=\"elementor-toggle-icon-opened\"><i class=\"elementor-toggle-icon-opened fas fa-caret-up\"><\/i><\/span>\n\t\t\t\t\t\t\t\t\t\t\t\t\t<\/span>\n\t\t\t\t\t\t\t\t\t\t\t\t<a class=\"elementor-toggle-title\" tabindex=\"0\">Wie weit ist das Caff\u00e8-Residenza DiPi\u00f9 vom Zentrum von Sal\u00f2 entfernt?<\/a>\n\t\t\t\t\t<\/div>\n\n\t\t\t\t\t<div id=\"elementor-tab-content-7691\" class=\"elementor-tab-content elementor-clearfix\" data-tab=\"1\" role=\"region\" aria-labelledby=\"elementor-tab-title-7691\"><p class=\"p1\"><b>Das Caff\u00e8-Residenza DiPi\u00f9 befindet sich direkt im historischen Zentrum von Sal\u00f2, nur wenige Schritte vom See entfernt <\/b>(3 Minuten zu Fu\u00df von der Seepromenade).<\/p>\n<p class=\"p1\">Von hier aus k\u00f6nnen Sie bequem zu Fu\u00df die Gesch\u00e4fte, Boutiquen, Bars und Lokale des Zentrums erkunden.<\/p>\n<p class=\"p1\">Wir erinnern unsere G\u00e4ste daran, dass im historischen Zentrum weder Autos noch Fahrr\u00e4der erlaubt sind, sondern nur Fu\u00dfg\u00e4nger.<\/p>\n<\/div>\n\t\t\t\t<\/div>\n\t\t\t\t\t\t\t<div class=\"elementor-toggle-item\">\n\t\t\t\t\t<div id=\"elementor-tab-title-7692\" class=\"elementor-tab-title\" data-tab=\"2\" role=\"button\" aria-controls=\"elementor-tab-content-7692\" aria-expanded=\"false\">\n\t\t\t\t\t\t\t\t\t\t\t\t<span class=\"elementor-toggle-icon elementor-toggle-icon-left\" aria-hidden=\"true\">\n\t\t\t\t\t\t\t\t\t\t\t\t\t\t\t<span class=\"elementor-toggle-icon-closed\"><i class=\"fas fa-caret-right\"><\/i><\/span>\n\t\t\t\t\t\t\t\t<span class=\"elementor-toggle-icon-opened\"><i class=\"elementor-toggle-icon-opened fas fa-caret-up\"><\/i><\/span>\n\t\t\t\t\t\t\t\t\t\t\t\t\t<\/span>\n\t\t\t\t\t\t\t\t\t\t\t\t<a class=\"elementor-toggle-title\" tabindex=\"0\">Was kann man in der N\u00e4he des Caff\u00e8-Residenza DiPi\u00f9 in Sal\u00f2 sehen oder unternehmen?<\/a>\n\t\t\t\t\t<\/div>\n\n\t\t\t\t\t<div id=\"elementor-tab-content-7692\" class=\"elementor-tab-content elementor-clearfix\" data-tab=\"2\" role=\"region\" aria-labelledby=\"elementor-tab-title-7692\"><p class=\"p1\"><b>Sal\u00f2 ist eines der faszinierendsten D\u00f6rfer am Gardasee und l\u00e4sst sich perfekt zu Fu\u00df erkunden. W\u00e4hrend Ihres Aufenthalts k\u00f6nnen Sie:<\/b><\/p>\n<ul class=\"ul1\">\n<li class=\"li1\"><b><\/b>Durch die <b>Gesch\u00e4fte und Boutiquen<\/b> der Altstadt bummeln.<\/li>\n<li class=\"li1\"><b><\/b>Ein <b>Eis<\/b> an der wundersch\u00f6nen Uferpromenade von Sal\u00f2 genie\u00dfen.<\/li>\n<li class=\"li1\"><b><\/b>Das <b>MuSa<\/b> (Museum von Sal\u00f2) und den <b>Dom Santa Maria Annunziata<\/b> besuchen.<\/li>\n<li class=\"li1\"><b><\/b>Eine Bootstour machen: Die eindrucksvollste f\u00fchrt zur prachtvollen Isola del Garda (bitte beachten Sie, dass eine Reservierung erforderlich ist!).<\/li>\n<\/ul>\n<p class=\"p1\">In der n\u00e4heren Umgebung, nur wenige Autominuten entfernt, empfehlen wir au\u00dferdem:<\/p>\n<ul class=\"ul1\">\n<li class=\"li1\">Das <b>Vittoriale degli Italiani<\/b> in Gardone Riviera (ca. 10 Minuten mit dem Auto \/ 5 km) \u2013 ein geschichtstr\u00e4chtiger und kunstvoller Ort; f\u00fcr die Besichtigung des Hauses von Gabriele D\u2019Annunzio wird eine Reservierung empfohlen.<\/li>\n<li class=\"li1\">Die <b>Rocca di Manerba del Garda<\/b> (ca. 25 Minuten mit dem Auto \/ 13 km) \u2013 ideal f\u00fcr einen Panoramaspaziergang mit atemberaubendem Blick auf den Gardasee.<\/li>\n<\/ul>\n<\/div>\n\t\t\t\t<\/div>\n\t\t\t\t\t\t\t<div class=\"elementor-toggle-item\">\n\t\t\t\t\t<div id=\"elementor-tab-title-7693\" class=\"elementor-tab-title\" data-tab=\"3\" role=\"button\" aria-controls=\"elementor-tab-content-7693\" aria-expanded=\"false\">\n\t\t\t\t\t\t\t\t\t\t\t\t<span class=\"elementor-toggle-icon elementor-toggle-icon-left\" aria-hidden=\"true\">\n\t\t\t\t\t\t\t\t\t\t\t\t\t\t\t<span class=\"elementor-toggle-icon-closed\"><i class=\"fas fa-caret-right\"><\/i><\/span>\n\t\t\t\t\t\t\t\t<span class=\"elementor-toggle-icon-opened\"><i class=\"elementor-toggle-icon-opened fas fa-caret-up\"><\/i><\/span>\n\t\t\t\t\t\t\t\t\t\t\t\t\t<\/span>\n\t\t\t\t\t\t\t\t\t\t\t\t<a class=\"elementor-toggle-title\" tabindex=\"0\">Wie weit ist das Caff\u00e8-Residenza DiPi\u00f9 vom MuSa entfernt?<\/a>\n\t\t\t\t\t<\/div>\n\n\t\t\t\t\t<div id=\"elementor-tab-content-7693\" class=\"elementor-tab-content elementor-clearfix\" data-tab=\"3\" role=\"region\" aria-labelledby=\"elementor-tab-title-7693\"><p class=\"p1\">Das MuSa \u2013 Museum von Sal\u00f2 liegt <b>nur 5 Gehminuten <\/b>vom Caff\u00e8-Residenza DiPi\u00f9 entfernt.<\/p>\n<p class=\"p1\">Es ist ein Muss f\u00fcr alle, die die Geschichte, Kultur und Kunst der Region Sal\u00f2 kennenlernen m\u00f6chten.<\/p>\n<\/div>\n\t\t\t\t<\/div>\n\t\t\t\t\t\t\t\t<\/div>\n\t\t\t\t\t\t<\/div>\n\t\t\t\t<\/div>\n\t\t\t\t\t<\/div>\n\t\t<\/div>\n\t\t\t\t      \r\n            \r\n              \r\n            \r\n            \t\r\n\t\t\t<\/div>\r\n\t\t<\/section>\r\n\t\t\t\t<\/div>\n\t\t","protected":false},"excerpt":{"rendered":"<p>N\u00fctzliche FAQ f\u00fcr Ihren Aufenthalt Parken und Transport Hat das Caff\u00e8-Residenza DiPi\u00f9 einen Parkplatz? Nein, das Caff\u00e8-Residenza DiPi\u00f9 verf\u00fcgt \u00fcber keinen Privatparkplatz f\u00fcr G\u00e4ste. In der N\u00e4he gibt es jedoch verschiedene M\u00f6glichkeiten: Parkhaus Civico al Centro: am n\u00e4chsten an unserer Unterkunft gelegen, \u00fcberdacht, video\u00fcberwacht und geb\u00fchrenpflichtig. Ex-Enel-Parkplatz: etwa 5 Minuten zu Fu\u00df entfernt, kostenlos, im [&hellip;]<\/p>\n","protected":false},"author":8,"featured_media":0,"parent":0,"menu_order":0,"comment_status":"closed","ping_status":"closed","template":"","meta":{"_acf_changed":false,"footnotes":""},"class_list":["post-13447","page","type-page","status-publish","hentry"],"acf":[],"yoast_head":"<!-- This site is optimized with the Yoast SEO plugin v27.5 - https:\/\/yoast.com\/product\/yoast-seo-wordpress\/ -->\n<title>H\u00e4ufig gestellte Fragen (FAQ) - Residenza e Caff\u00e8 Di Pi\u00f9 a Sal\u00f2<\/title>\n<meta name=\"robots\" content=\"index, follow, max-snippet:-1, max-image-preview:large, max-video-preview:-1\" \/>\n<link rel=\"canonical\" href=\"https:\/\/dipiusalo.it\/de\/haeufig-gestellte-fragen-faq\/\" \/>\n<meta property=\"og:locale\" content=\"de_DE\" \/>\n<meta property=\"og:type\" content=\"article\" \/>\n<meta property=\"og:title\" content=\"H\u00e4ufig gestellte Fragen (FAQ) - Residenza e Caff\u00e8 Di Pi\u00f9 a Sal\u00f2\" \/>\n<meta property=\"og:description\" content=\"N\u00fctzliche FAQ f\u00fcr Ihren Aufenthalt Parken und Transport Hat das Caff\u00e8-Residenza DiPi\u00f9 einen Parkplatz? Nein, das Caff\u00e8-Residenza DiPi\u00f9 verf\u00fcgt \u00fcber keinen Privatparkplatz f\u00fcr G\u00e4ste. In der N\u00e4he gibt es jedoch verschiedene M\u00f6glichkeiten: Parkhaus Civico al Centro: am n\u00e4chsten an unserer Unterkunft gelegen, \u00fcberdacht, video\u00fcberwacht und geb\u00fchrenpflichtig. Ex-Enel-Parkplatz: etwa 5 Minuten zu Fu\u00df entfernt, kostenlos, im [&hellip;]\" \/>\n<meta property=\"og:url\" content=\"https:\/\/dipiusalo.it\/de\/haeufig-gestellte-fragen-faq\/\" \/>\n<meta property=\"og:site_name\" content=\"Residenza e Caff\u00e8 Di Pi\u00f9 a Sal\u00f2\" \/>\n<meta property=\"article:modified_time\" content=\"2026-02-23T10:52:07+00:00\" \/>\n<meta name=\"twitter:card\" content=\"summary_large_image\" \/>\n<meta name=\"twitter:label1\" content=\"Gesch\u00e4tzte Lesezeit\" \/>\n\t<meta name=\"twitter:data1\" content=\"6\u00a0Minuten\" \/>\n<script type=\"application\/ld+json\" class=\"yoast-schema-graph\">{\"@context\":\"https:\\\/\\\/schema.org\",\"@graph\":[{\"@type\":\"WebPage\",\"@id\":\"https:\\\/\\\/dipiusalo.it\\\/de\\\/haeufig-gestellte-fragen-faq\\\/\",\"url\":\"https:\\\/\\\/dipiusalo.it\\\/de\\\/haeufig-gestellte-fragen-faq\\\/\",\"name\":\"H\u00e4ufig gestellte Fragen (FAQ) - Residenza e Caff\u00e8 Di Pi\u00f9 a Sal\u00f2\",\"isPartOf\":{\"@id\":\"https:\\\/\\\/dipiusalo.it\\\/de\\\/#website\"},\"datePublished\":\"2025-11-05T09:00:26+00:00\",\"dateModified\":\"2026-02-23T10:52:07+00:00\",\"breadcrumb\":{\"@id\":\"https:\\\/\\\/dipiusalo.it\\\/de\\\/haeufig-gestellte-fragen-faq\\\/#breadcrumb\"},\"inLanguage\":\"de\",\"potentialAction\":[{\"@type\":\"ReadAction\",\"target\":[\"https:\\\/\\\/dipiusalo.it\\\/de\\\/haeufig-gestellte-fragen-faq\\\/\"]}]},{\"@type\":\"BreadcrumbList\",\"@id\":\"https:\\\/\\\/dipiusalo.it\\\/de\\\/haeufig-gestellte-fragen-faq\\\/#breadcrumb\",\"itemListElement\":[{\"@type\":\"ListItem\",\"position\":1,\"name\":\"Home\",\"item\":\"https:\\\/\\\/dipiusalo.it\\\/de\\\/\"},{\"@type\":\"ListItem\",\"position\":2,\"name\":\"H\u00e4ufig gestellte Fragen (FAQ)\"}]},{\"@type\":\"WebSite\",\"@id\":\"https:\\\/\\\/dipiusalo.it\\\/de\\\/#website\",\"url\":\"https:\\\/\\\/dipiusalo.it\\\/de\\\/\",\"name\":\"Residenza e Caff\u00e8 Di Pi\u00f9 a Sal\u00f2\",\"description\":\"Residenza Di Pi\u00f9 e Caff\u00e8 Di Pi\u00f9: la prima forma di ospitalit\u00e0 inclusiva del lago di Garda\",\"potentialAction\":[{\"@type\":\"SearchAction\",\"target\":{\"@type\":\"EntryPoint\",\"urlTemplate\":\"https:\\\/\\\/dipiusalo.it\\\/de\\\/?s={search_term_string}\"},\"query-input\":{\"@type\":\"PropertyValueSpecification\",\"valueRequired\":true,\"valueName\":\"search_term_string\"}}],\"inLanguage\":\"de\"}]}<\/script>\n<!-- \/ Yoast SEO plugin. -->","yoast_head_json":{"title":"H\u00e4ufig gestellte Fragen (FAQ) - Residenza e Caff\u00e8 Di Pi\u00f9 a Sal\u00f2","robots":{"index":"index","follow":"follow","max-snippet":"max-snippet:-1","max-image-preview":"max-image-preview:large","max-video-preview":"max-video-preview:-1"},"canonical":"https:\/\/dipiusalo.it\/de\/haeufig-gestellte-fragen-faq\/","og_locale":"de_DE","og_type":"article","og_title":"H\u00e4ufig gestellte Fragen (FAQ) - Residenza e Caff\u00e8 Di Pi\u00f9 a Sal\u00f2","og_description":"N\u00fctzliche FAQ f\u00fcr Ihren Aufenthalt Parken und Transport Hat das Caff\u00e8-Residenza DiPi\u00f9 einen Parkplatz? Nein, das Caff\u00e8-Residenza DiPi\u00f9 verf\u00fcgt \u00fcber keinen Privatparkplatz f\u00fcr G\u00e4ste. In der N\u00e4he gibt es jedoch verschiedene M\u00f6glichkeiten: Parkhaus Civico al Centro: am n\u00e4chsten an unserer Unterkunft gelegen, \u00fcberdacht, video\u00fcberwacht und geb\u00fchrenpflichtig. Ex-Enel-Parkplatz: etwa 5 Minuten zu Fu\u00df entfernt, kostenlos, im [&hellip;]","og_url":"https:\/\/dipiusalo.it\/de\/haeufig-gestellte-fragen-faq\/","og_site_name":"Residenza e Caff\u00e8 Di Pi\u00f9 a Sal\u00f2","article_modified_time":"2026-02-23T10:52:07+00:00","twitter_card":"summary_large_image","twitter_misc":{"Gesch\u00e4tzte Lesezeit":"6\u00a0Minuten"},"schema":{"@context":"https:\/\/schema.org","@graph":[{"@type":"WebPage","@id":"https:\/\/dipiusalo.it\/de\/haeufig-gestellte-fragen-faq\/","url":"https:\/\/dipiusalo.it\/de\/haeufig-gestellte-fragen-faq\/","name":"H\u00e4ufig gestellte Fragen (FAQ) - Residenza e Caff\u00e8 Di Pi\u00f9 a Sal\u00f2","isPartOf":{"@id":"https:\/\/dipiusalo.it\/de\/#website"},"datePublished":"2025-11-05T09:00:26+00:00","dateModified":"2026-02-23T10:52:07+00:00","breadcrumb":{"@id":"https:\/\/dipiusalo.it\/de\/haeufig-gestellte-fragen-faq\/#breadcrumb"},"inLanguage":"de","potentialAction":[{"@type":"ReadAction","target":["https:\/\/dipiusalo.it\/de\/haeufig-gestellte-fragen-faq\/"]}]},{"@type":"BreadcrumbList","@id":"https:\/\/dipiusalo.it\/de\/haeufig-gestellte-fragen-faq\/#breadcrumb","itemListElement":[{"@type":"ListItem","position":1,"name":"Home","item":"https:\/\/dipiusalo.it\/de\/"},{"@type":"ListItem","position":2,"name":"H\u00e4ufig gestellte Fragen (FAQ)"}]},{"@type":"WebSite","@id":"https:\/\/dipiusalo.it\/de\/#website","url":"https:\/\/dipiusalo.it\/de\/","name":"Residenza e Caff\u00e8 Di Pi\u00f9 a Sal\u00f2","description":"Residenza Di Pi\u00f9 e Caff\u00e8 Di Pi\u00f9: la prima forma di ospitalit\u00e0 inclusiva del lago di Garda","potentialAction":[{"@type":"SearchAction","target":{"@type":"EntryPoint","urlTemplate":"https:\/\/dipiusalo.it\/de\/?s={search_term_string}"},"query-input":{"@type":"PropertyValueSpecification","valueRequired":true,"valueName":"search_term_string"}}],"inLanguage":"de"}]}},"_links":{"self":[{"href":"https:\/\/dipiusalo.it\/de\/wp-json\/wp\/v2\/pages\/13447","targetHints":{"allow":["GET"]}}],"collection":[{"href":"https:\/\/dipiusalo.it\/de\/wp-json\/wp\/v2\/pages"}],"about":[{"href":"https:\/\/dipiusalo.it\/de\/wp-json\/wp\/v2\/types\/page"}],"author":[{"embeddable":true,"href":"https:\/\/dipiusalo.it\/de\/wp-json\/wp\/v2\/users\/8"}],"replies":[{"embeddable":true,"href":"https:\/\/dipiusalo.it\/de\/wp-json\/wp\/v2\/comments?post=13447"}],"version-history":[{"count":1,"href":"https:\/\/dipiusalo.it\/de\/wp-json\/wp\/v2\/pages\/13447\/revisions"}],"predecessor-version":[{"id":13450,"href":"https:\/\/dipiusalo.it\/de\/wp-json\/wp\/v2\/pages\/13447\/revisions\/13450"}],"wp:attachment":[{"href":"https:\/\/dipiusalo.it\/de\/wp-json\/wp\/v2\/media?parent=13447"}],"curies":[{"name":"wp","href":"https:\/\/api.w.org\/{rel}","templated":true}]}}