{"id":12340,"date":"2025-03-06T13:42:12","date_gmt":"2025-03-06T12:42:12","guid":{"rendered":"https:\/\/dipiusalo.it\/caffe\/"},"modified":"2025-04-09T12:22:08","modified_gmt":"2025-04-09T10:22:08","slug":"caffe","status":"publish","type":"page","link":"https:\/\/dipiusalo.it\/de\/caffe\/","title":{"rendered":"Caff\u00e8"},"content":{"rendered":"\t\t<div data-elementor-type=\"wp-page\" data-elementor-id=\"12340\" class=\"elementor elementor-12340 elementor-12047\" data-elementor-post-type=\"page\">\n\t\t\t\t\t\t<section class=\"elementor-section elementor-top-section elementor-element elementor-element-fffbb81 elementor-section-height-full elementor-section-items-bottom elementor-section-boxed elementor-section-height-default\" data-id=\"fffbb81\" data-element_type=\"section\" data-e-type=\"section\" data-settings=\"{&quot;background_background&quot;:&quot;classic&quot;}\">\r\n\t\t\t\t\t\t\t<div class=\"elementor-background-overlay\"><\/div>\r\n\t\t\t\t\t\t<div class=\"elementor-container elementor-column-gap-default jws_section_\" >\r\n\t\t\t\t<div class=\"elementor-column elementor-col-100 elementor-top-column elementor-element elementor-element-3f61a2a\" data-id=\"3f61a2a\" data-element_type=\"column\" data-e-type=\"column\">\n\t\t\t<div class=\"elementor-widget-wrap elementor-element-populated\">\n\t\t\t\t\t\t<div class=\"elementor-element elementor-element-0778638 elementor-invisible elementor-widget elementor-widget-heading\" data-id=\"0778638\" data-element_type=\"widget\" data-e-type=\"widget\" data-settings=\"{&quot;_animation&quot;:&quot;fadeInUp&quot;,&quot;_animation_delay&quot;:100}\" data-widget_type=\"heading.default\">\n\t\t\t\t<div class=\"elementor-widget-container\">\n\t\t\t\t\t<h2 class=\"elementor-heading-title elementor-size-default\">Caff\u00e8 Di Pi\u00f9<\/h2>\t\t\t\t<\/div>\n\t\t\t\t<\/div>\n\t\t\t\t\t<\/div>\n\t\t<\/div>\n\t\t\t\t      \r\n            \r\n              \r\n            \r\n            \t\r\n\t\t\t<\/div>\r\n\t\t<\/section>\r\n\t\t\t\t<section class=\"elementor-section elementor-top-section elementor-element elementor-element-0b4279d elementor-section-content-middle elementor-section-boxed elementor-section-height-default elementor-section-height-default\" data-id=\"0b4279d\" data-element_type=\"section\" data-e-type=\"section\">\r\n\t\t\t\t\t\t<div class=\"elementor-container elementor-column-gap-default jws_section_\" >\r\n\t\t\t\t<div class=\"elementor-column elementor-col-100 elementor-top-column elementor-element elementor-element-84d3a83\" data-id=\"84d3a83\" data-element_type=\"column\" data-e-type=\"column\">\n\t\t\t<div class=\"elementor-widget-wrap elementor-element-populated\">\n\t\t\t\t\t\t<div class=\"elementor-element elementor-element-8c727c1 elementor-widget__width-inherit elementor-widget elementor-widget-heading\" data-id=\"8c727c1\" data-element_type=\"widget\" data-e-type=\"widget\" data-widget_type=\"heading.default\">\n\t\t\t\t<div class=\"elementor-widget-container\">\n\t\t\t\t\t<h2 class=\"elementor-heading-title elementor-size-default\">Genuss und Gastfreundschaft f\u00fcr alle<\/h2>\t\t\t\t<\/div>\n\t\t\t\t<\/div>\n\t\t\t\t<div class=\"elementor-element elementor-element-9ba4301 elementor-widget__width-inherit elementor-widget elementor-widget-text-editor\" data-id=\"9ba4301\" data-element_type=\"widget\" data-e-type=\"widget\" data-widget_type=\"text-editor.default\">\n\t\t\t\t<div class=\"elementor-widget-container\">\n\t\t\t\t\t\t\t\t\t<p>Das Caff\u00e8 Di Pi\u00f9, eine Initiative der Fondazione Germano Chincherini, ist ein einladendes Caf\u00e9 im Herzen von Sal\u00f2. Hier arbeiten Menschen mit Behinderungen, begleitet von erfahrenen P\u00e4dagogen, und sorgen mit Herzlichkeit und Professionalit\u00e4t f\u00fcr ein warmes, offenes Ambiente, in dem sich jeder wohlf\u00fchlt.<\/p>\t\t\t\t\t\t\t\t<\/div>\n\t\t\t\t<\/div>\n\t\t\t\t\t<\/div>\n\t\t<\/div>\n\t\t\t\t      \r\n            \r\n              \r\n            \r\n            \t\r\n\t\t\t<\/div>\r\n\t\t<\/section>\r\n\t\t\t\t<section class=\"elementor-section elementor-top-section elementor-element elementor-element-82f91cc elementor-section-content-middle elementor-section-boxed elementor-section-height-default elementor-section-height-default\" data-id=\"82f91cc\" data-element_type=\"section\" data-e-type=\"section\">\r\n\t\t\t\t\t\t<div class=\"elementor-container elementor-column-gap-default jws_section_\" >\r\n\t\t\t\t<div class=\"elementor-column elementor-col-50 elementor-top-column elementor-element elementor-element-84ab5ee\" data-id=\"84ab5ee\" data-element_type=\"column\" data-e-type=\"column\">\n\t\t\t<div class=\"elementor-widget-wrap elementor-element-populated\">\n\t\t\t\t\t\t<div class=\"elementor-element elementor-element-59171df elementor-invisible elementor-widget elementor-widget-image\" data-id=\"59171df\" data-element_type=\"widget\" data-e-type=\"widget\" data-settings=\"{&quot;_animation&quot;:&quot;fadeInLeft&quot;}\" data-widget_type=\"image.default\">\n\t\t\t\t<div class=\"elementor-widget-container\">\n\t\t\t\t\t\t\t\t\t\t\t\t\t\t\t<img decoding=\"async\" src=\"https:\/\/dipiusalo.it\/wp-content\/uploads\/elementor\/thumbs\/105633569_297340385004838_5046720013887978792_n-r2gmuts6qglhtx2x99v84folitxi9tgp1iak6awj90.jpg\" title=\"105633569_297340385004838_5046720013887978792_n\" alt=\"105633569_297340385004838_5046720013887978792_n\" loading=\"lazy\" \/>\t\t\t\t\t\t\t\t\t\t\t\t\t\t\t<\/div>\n\t\t\t\t<\/div>\n\t\t\t\t\t<\/div>\n\t\t<\/div>\n\t\t\t\t<div class=\"elementor-column elementor-col-50 elementor-top-column elementor-element elementor-element-1881270\" data-id=\"1881270\" data-element_type=\"column\" data-e-type=\"column\">\n\t\t\t<div class=\"elementor-widget-wrap elementor-element-populated\">\n\t\t\t\t\t\t<div class=\"elementor-element elementor-element-900823f elementor-widget elementor-widget-heading\" data-id=\"900823f\" data-element_type=\"widget\" data-e-type=\"widget\" data-widget_type=\"heading.default\">\n\t\t\t\t<div class=\"elementor-widget-container\">\n\t\t\t\t\t<h3 class=\"elementor-heading-title elementor-size-default\">Men\u00fc<\/h3>\t\t\t\t<\/div>\n\t\t\t\t<\/div>\n\t\t\t\t<div class=\"elementor-element elementor-element-eb64c20 elementor-widget elementor-widget-text-editor\" data-id=\"eb64c20\" data-element_type=\"widget\" data-e-type=\"widget\" data-widget_type=\"text-editor.default\">\n\t\t\t\t<div class=\"elementor-widget-container\">\n\t\t\t\t\t\t\t\t\t<p>Das Caff\u00e8 Di Pi\u00f9 verw\u00f6hnt seine G\u00e4ste mit k\u00f6stlichen Fr\u00fchst\u00fccksoptionen, leichten Mittagssnacks und erfrischenden Aperitifs \u2013 stets aus frischen, hochwertigen Zutaten zubereitet. Die gem\u00fctliche Atmosph\u00e4re macht es zum perfekten Ort f\u00fcr jede Tageszeit.<\/p>\t\t\t\t\t\t\t\t<\/div>\n\t\t\t\t<\/div>\n\t\t\t\t\t<\/div>\n\t\t<\/div>\n\t\t\t\t      \r\n            \r\n              \r\n            \r\n            \t\r\n\t\t\t<\/div>\r\n\t\t<\/section>\r\n\t\t\t\t<section class=\"elementor-section elementor-top-section elementor-element elementor-element-68d80e2 elementor-section-content-middle elementor-reverse-mobile elementor-section-boxed elementor-section-height-default elementor-section-height-default\" data-id=\"68d80e2\" data-element_type=\"section\" data-e-type=\"section\" data-settings=\"{&quot;background_background&quot;:&quot;classic&quot;}\">\r\n\t\t\t\t\t\t<div class=\"elementor-container elementor-column-gap-default jws_section_\" >\r\n\t\t\t\t<div class=\"elementor-column elementor-col-50 elementor-top-column elementor-element elementor-element-ef880b4\" data-id=\"ef880b4\" data-element_type=\"column\" data-e-type=\"column\">\n\t\t\t<div class=\"elementor-widget-wrap elementor-element-populated\">\n\t\t\t\t\t\t<div class=\"elementor-element elementor-element-2cbb540 elementor-widget elementor-widget-heading\" data-id=\"2cbb540\" data-element_type=\"widget\" data-e-type=\"widget\" data-widget_type=\"heading.default\">\n\t\t\t\t<div class=\"elementor-widget-container\">\n\t\t\t\t\t<h3 class=\"elementor-heading-title elementor-size-default\">Inklusion<\/h3>\t\t\t\t<\/div>\n\t\t\t\t<\/div>\n\t\t\t\t<div class=\"elementor-element elementor-element-820222d elementor-widget elementor-widget-text-editor\" data-id=\"820222d\" data-element_type=\"widget\" data-e-type=\"widget\" data-widget_type=\"text-editor.default\">\n\t\t\t\t<div class=\"elementor-widget-container\">\n\t\t\t\t\t\t\t\t\t<p>Inklusion ist das Herzst\u00fcck des Caff\u00e8 Di Pi\u00f9. Unser Team, bestehend aus Menschen mit Behinderungen und erfahrenen Begleitern, bietet professionellen Service mit Leidenschaft. Dieses Projekt schafft wertvolle Arbeitspl\u00e4tze und st\u00e4rkt die soziale Integration in der lokalen Gemeinschaft.<\/p>\t\t\t\t\t\t\t\t<\/div>\n\t\t\t\t<\/div>\n\t\t\t\t\t<\/div>\n\t\t<\/div>\n\t\t\t\t<div class=\"elementor-column elementor-col-50 elementor-top-column elementor-element elementor-element-8d1fe23\" data-id=\"8d1fe23\" data-element_type=\"column\" data-e-type=\"column\">\n\t\t\t<div class=\"elementor-widget-wrap elementor-element-populated\">\n\t\t\t\t\t\t<div class=\"elementor-element elementor-element-c258484 elementor-invisible elementor-widget elementor-widget-image\" data-id=\"c258484\" data-element_type=\"widget\" data-e-type=\"widget\" data-settings=\"{&quot;_animation&quot;:&quot;fadeInRight&quot;}\" data-widget_type=\"image.default\">\n\t\t\t\t<div class=\"elementor-widget-container\">\n\t\t\t\t\t\t\t\t\t\t\t\t\t\t\t<img decoding=\"async\" src=\"https:\/\/dipiusalo.it\/wp-content\/uploads\/elementor\/thumbs\/408970026_873762321214555_3817428839213492100_n-r2gmxvray2s1kan6f3ekq5xj0wvgaelagmmdbodh10.jpg\" title=\"408970026_873762321214555_3817428839213492100_n\" alt=\"408970026_873762321214555_3817428839213492100_n\" loading=\"lazy\" \/>\t\t\t\t\t\t\t\t\t\t\t\t\t\t\t<\/div>\n\t\t\t\t<\/div>\n\t\t\t\t\t<\/div>\n\t\t<\/div>\n\t\t\t\t      \r\n            \r\n              \r\n            \r\n            \t\r\n\t\t\t<\/div>\r\n\t\t<\/section>\r\n\t\t\t\t<\/div>\n\t\t","protected":false},"excerpt":{"rendered":"<p>Caff\u00e8 Di Pi\u00f9 Genuss und Gastfreundschaft f\u00fcr alle Das Caff\u00e8 Di Pi\u00f9, eine Initiative der Fondazione Germano Chincherini, ist ein einladendes Caf\u00e9 im Herzen von Sal\u00f2. Hier arbeiten Menschen mit Behinderungen, begleitet von erfahrenen P\u00e4dagogen, und sorgen mit Herzlichkeit und Professionalit\u00e4t f\u00fcr ein warmes, offenes Ambiente, in dem sich jeder wohlf\u00fchlt. Men\u00fc Das Caff\u00e8 Di [&hellip;]<\/p>\n","protected":false},"author":4,"featured_media":0,"parent":0,"menu_order":0,"comment_status":"closed","ping_status":"closed","template":"","meta":{"_acf_changed":false,"footnotes":""},"class_list":["post-12340","page","type-page","status-publish","hentry"],"acf":[],"yoast_head":"<!-- This site is optimized with the Yoast SEO plugin v27.5 - https:\/\/yoast.com\/product\/yoast-seo-wordpress\/ -->\n<title>Caff\u00e8 Di Pi\u00f9 \u2013 Inklusives Caf\u00e9 in Sal\u00f2 am Gardasee<\/title>\n<meta name=\"description\" content=\"Im inklusiven Caff\u00e8 Di Pi\u00f9 in Sal\u00f2 am Gardasee serviert ein Team mit Behinderung italienischen Kaffeegenuss in besonderem Ambiente.\" \/>\n<meta name=\"robots\" content=\"index, follow, max-snippet:-1, max-image-preview:large, max-video-preview:-1\" \/>\n<link rel=\"canonical\" href=\"https:\/\/dipiusalo.it\/de\/caffe\/\" \/>\n<meta property=\"og:locale\" content=\"de_DE\" \/>\n<meta property=\"og:type\" content=\"article\" \/>\n<meta property=\"og:title\" content=\"Caff\u00e8 Di Pi\u00f9 \u2013 Inklusives Caf\u00e9 in Sal\u00f2 am Gardasee\" \/>\n<meta property=\"og:description\" content=\"Im inklusiven Caff\u00e8 Di Pi\u00f9 in Sal\u00f2 am Gardasee serviert ein Team mit Behinderung italienischen Kaffeegenuss in besonderem Ambiente.\" \/>\n<meta property=\"og:url\" content=\"https:\/\/dipiusalo.it\/de\/caffe\/\" \/>\n<meta property=\"og:site_name\" content=\"Residenza e Caff\u00e8 Di Pi\u00f9 a Sal\u00f2\" \/>\n<meta property=\"article:modified_time\" content=\"2025-04-09T10:22:08+00:00\" \/>\n<meta property=\"og:image\" content=\"https:\/\/dipiusalo.it\/wp-content\/uploads\/elementor\/thumbs\/105633569_297340385004838_5046720013887978792_n-r2gmuts6qglhtx2x99v84folitxi9tgp1iak6awj90.jpg\" \/>\n<meta name=\"twitter:card\" content=\"summary_large_image\" \/>\n<meta name=\"twitter:label1\" content=\"Gesch\u00e4tzte Lesezeit\" \/>\n\t<meta name=\"twitter:data1\" content=\"2\u00a0Minuten\" \/>\n<script type=\"application\/ld+json\" class=\"yoast-schema-graph\">{\"@context\":\"https:\\\/\\\/schema.org\",\"@graph\":[{\"@type\":\"WebPage\",\"@id\":\"https:\\\/\\\/dipiusalo.it\\\/de\\\/caffe\\\/\",\"url\":\"https:\\\/\\\/dipiusalo.it\\\/de\\\/caffe\\\/\",\"name\":\"Caff\u00e8 Di Pi\u00f9 \u2013 Inklusives Caf\u00e9 in Sal\u00f2 am Gardasee\",\"isPartOf\":{\"@id\":\"https:\\\/\\\/dipiusalo.it\\\/de\\\/#website\"},\"primaryImageOfPage\":{\"@id\":\"https:\\\/\\\/dipiusalo.it\\\/de\\\/caffe\\\/#primaryimage\"},\"image\":{\"@id\":\"https:\\\/\\\/dipiusalo.it\\\/de\\\/caffe\\\/#primaryimage\"},\"thumbnailUrl\":\"https:\\\/\\\/dipiusalo.it\\\/wp-content\\\/uploads\\\/elementor\\\/thumbs\\\/105633569_297340385004838_5046720013887978792_n-r2gmuts6qglhtx2x99v84folitxi9tgp1iak6awj90.jpg\",\"datePublished\":\"2025-03-06T12:42:12+00:00\",\"dateModified\":\"2025-04-09T10:22:08+00:00\",\"description\":\"Im inklusiven Caff\u00e8 Di Pi\u00f9 in Sal\u00f2 am Gardasee serviert ein Team mit Behinderung italienischen Kaffeegenuss in besonderem Ambiente.\",\"breadcrumb\":{\"@id\":\"https:\\\/\\\/dipiusalo.it\\\/de\\\/caffe\\\/#breadcrumb\"},\"inLanguage\":\"de\",\"potentialAction\":[{\"@type\":\"ReadAction\",\"target\":[\"https:\\\/\\\/dipiusalo.it\\\/de\\\/caffe\\\/\"]}]},{\"@type\":\"ImageObject\",\"inLanguage\":\"de\",\"@id\":\"https:\\\/\\\/dipiusalo.it\\\/de\\\/caffe\\\/#primaryimage\",\"url\":\"https:\\\/\\\/dipiusalo.it\\\/wp-content\\\/uploads\\\/elementor\\\/thumbs\\\/105633569_297340385004838_5046720013887978792_n-r2gmuts6qglhtx2x99v84folitxi9tgp1iak6awj90.jpg\",\"contentUrl\":\"https:\\\/\\\/dipiusalo.it\\\/wp-content\\\/uploads\\\/elementor\\\/thumbs\\\/105633569_297340385004838_5046720013887978792_n-r2gmuts6qglhtx2x99v84folitxi9tgp1iak6awj90.jpg\"},{\"@type\":\"BreadcrumbList\",\"@id\":\"https:\\\/\\\/dipiusalo.it\\\/de\\\/caffe\\\/#breadcrumb\",\"itemListElement\":[{\"@type\":\"ListItem\",\"position\":1,\"name\":\"Home\",\"item\":\"https:\\\/\\\/dipiusalo.it\\\/de\\\/\"},{\"@type\":\"ListItem\",\"position\":2,\"name\":\"Caff\u00e8\"}]},{\"@type\":\"WebSite\",\"@id\":\"https:\\\/\\\/dipiusalo.it\\\/de\\\/#website\",\"url\":\"https:\\\/\\\/dipiusalo.it\\\/de\\\/\",\"name\":\"Residenza e Caff\u00e8 Di Pi\u00f9 a Sal\u00f2\",\"description\":\"Residenza Di Pi\u00f9 e Caff\u00e8 Di Pi\u00f9: la prima forma di ospitalit\u00e0 inclusiva del lago di Garda\",\"potentialAction\":[{\"@type\":\"SearchAction\",\"target\":{\"@type\":\"EntryPoint\",\"urlTemplate\":\"https:\\\/\\\/dipiusalo.it\\\/de\\\/?s={search_term_string}\"},\"query-input\":{\"@type\":\"PropertyValueSpecification\",\"valueRequired\":true,\"valueName\":\"search_term_string\"}}],\"inLanguage\":\"de\"}]}<\/script>\n<!-- \/ Yoast SEO plugin. -->","yoast_head_json":{"title":"Caff\u00e8 Di Pi\u00f9 \u2013 Inklusives Caf\u00e9 in Sal\u00f2 am Gardasee","description":"Im inklusiven Caff\u00e8 Di Pi\u00f9 in Sal\u00f2 am Gardasee serviert ein Team mit Behinderung italienischen Kaffeegenuss in besonderem Ambiente.","robots":{"index":"index","follow":"follow","max-snippet":"max-snippet:-1","max-image-preview":"max-image-preview:large","max-video-preview":"max-video-preview:-1"},"canonical":"https:\/\/dipiusalo.it\/de\/caffe\/","og_locale":"de_DE","og_type":"article","og_title":"Caff\u00e8 Di Pi\u00f9 \u2013 Inklusives Caf\u00e9 in Sal\u00f2 am Gardasee","og_description":"Im inklusiven Caff\u00e8 Di Pi\u00f9 in Sal\u00f2 am Gardasee serviert ein Team mit Behinderung italienischen Kaffeegenuss in besonderem Ambiente.","og_url":"https:\/\/dipiusalo.it\/de\/caffe\/","og_site_name":"Residenza e Caff\u00e8 Di Pi\u00f9 a Sal\u00f2","article_modified_time":"2025-04-09T10:22:08+00:00","og_image":[{"url":"https:\/\/dipiusalo.it\/wp-content\/uploads\/elementor\/thumbs\/105633569_297340385004838_5046720013887978792_n-r2gmuts6qglhtx2x99v84folitxi9tgp1iak6awj90.jpg","type":"","width":"","height":""}],"twitter_card":"summary_large_image","twitter_misc":{"Gesch\u00e4tzte Lesezeit":"2\u00a0Minuten"},"schema":{"@context":"https:\/\/schema.org","@graph":[{"@type":"WebPage","@id":"https:\/\/dipiusalo.it\/de\/caffe\/","url":"https:\/\/dipiusalo.it\/de\/caffe\/","name":"Caff\u00e8 Di Pi\u00f9 \u2013 Inklusives Caf\u00e9 in Sal\u00f2 am Gardasee","isPartOf":{"@id":"https:\/\/dipiusalo.it\/de\/#website"},"primaryImageOfPage":{"@id":"https:\/\/dipiusalo.it\/de\/caffe\/#primaryimage"},"image":{"@id":"https:\/\/dipiusalo.it\/de\/caffe\/#primaryimage"},"thumbnailUrl":"https:\/\/dipiusalo.it\/wp-content\/uploads\/elementor\/thumbs\/105633569_297340385004838_5046720013887978792_n-r2gmuts6qglhtx2x99v84folitxi9tgp1iak6awj90.jpg","datePublished":"2025-03-06T12:42:12+00:00","dateModified":"2025-04-09T10:22:08+00:00","description":"Im inklusiven Caff\u00e8 Di Pi\u00f9 in Sal\u00f2 am Gardasee serviert ein Team mit Behinderung italienischen Kaffeegenuss in besonderem Ambiente.","breadcrumb":{"@id":"https:\/\/dipiusalo.it\/de\/caffe\/#breadcrumb"},"inLanguage":"de","potentialAction":[{"@type":"ReadAction","target":["https:\/\/dipiusalo.it\/de\/caffe\/"]}]},{"@type":"ImageObject","inLanguage":"de","@id":"https:\/\/dipiusalo.it\/de\/caffe\/#primaryimage","url":"https:\/\/dipiusalo.it\/wp-content\/uploads\/elementor\/thumbs\/105633569_297340385004838_5046720013887978792_n-r2gmuts6qglhtx2x99v84folitxi9tgp1iak6awj90.jpg","contentUrl":"https:\/\/dipiusalo.it\/wp-content\/uploads\/elementor\/thumbs\/105633569_297340385004838_5046720013887978792_n-r2gmuts6qglhtx2x99v84folitxi9tgp1iak6awj90.jpg"},{"@type":"BreadcrumbList","@id":"https:\/\/dipiusalo.it\/de\/caffe\/#breadcrumb","itemListElement":[{"@type":"ListItem","position":1,"name":"Home","item":"https:\/\/dipiusalo.it\/de\/"},{"@type":"ListItem","position":2,"name":"Caff\u00e8"}]},{"@type":"WebSite","@id":"https:\/\/dipiusalo.it\/de\/#website","url":"https:\/\/dipiusalo.it\/de\/","name":"Residenza e Caff\u00e8 Di Pi\u00f9 a Sal\u00f2","description":"Residenza Di Pi\u00f9 e Caff\u00e8 Di Pi\u00f9: la prima forma di ospitalit\u00e0 inclusiva del lago di Garda","potentialAction":[{"@type":"SearchAction","target":{"@type":"EntryPoint","urlTemplate":"https:\/\/dipiusalo.it\/de\/?s={search_term_string}"},"query-input":{"@type":"PropertyValueSpecification","valueRequired":true,"valueName":"search_term_string"}}],"inLanguage":"de"}]}},"_links":{"self":[{"href":"https:\/\/dipiusalo.it\/de\/wp-json\/wp\/v2\/pages\/12340","targetHints":{"allow":["GET"]}}],"collection":[{"href":"https:\/\/dipiusalo.it\/de\/wp-json\/wp\/v2\/pages"}],"about":[{"href":"https:\/\/dipiusalo.it\/de\/wp-json\/wp\/v2\/types\/page"}],"author":[{"embeddable":true,"href":"https:\/\/dipiusalo.it\/de\/wp-json\/wp\/v2\/users\/4"}],"replies":[{"embeddable":true,"href":"https:\/\/dipiusalo.it\/de\/wp-json\/wp\/v2\/comments?post=12340"}],"version-history":[{"count":5,"href":"https:\/\/dipiusalo.it\/de\/wp-json\/wp\/v2\/pages\/12340\/revisions"}],"predecessor-version":[{"id":12416,"href":"https:\/\/dipiusalo.it\/de\/wp-json\/wp\/v2\/pages\/12340\/revisions\/12416"}],"wp:attachment":[{"href":"https:\/\/dipiusalo.it\/de\/wp-json\/wp\/v2\/media?parent=12340"}],"curies":[{"name":"wp","href":"https:\/\/api.w.org\/{rel}","templated":true}]}}